{"id":102010,"date":"2023-06-06T14:05:39","date_gmt":"2023-06-06T12:05:39","guid":{"rendered":"https:\/\/bico.ch\/?page_id=102010"},"modified":"2026-03-24T16:15:36","modified_gmt":"2026-03-24T15:15:36","slug":"conseil-sommeil","status":"publish","type":"page","link":"https:\/\/bico.ch\/fr\/conseil-sommeil\/","title":{"rendered":"Conseil en sommeil"},"content":{"rendered":"\n<div id=\"intro-block_0c6b7a5da49aa773cfd7dcffde4daa87\" class=\"intro \n \">\n  <div class=\"background background-image h-100 \">\n          <img decoding=\"async\" class=\"background-image\" src=\"https:\/\/bico.ch\/wp-content\/uploads\/2025\/01\/bico-image-stage-schlafberatung-aspect-ratio-1920-1080.webp\" alt=\"\">\n    \n            <div class=\"container\">\n\n      <div class=\"row\">\n        <div class=\"col-12 content-wrapper m-space-between\">\n          <div class=\"spacer\"><\/div>\n\n                      <div>\n                              <h1 class=\"h1-big\">Conseil en sommeil individuel<br \/>\r\ndans nos showrooms<\/h1>\n              \n                          <\/div>\n          \n                      <div class=\"btn-wrapper\">\n                                                <a class=\"btn btn-primary me-lg-2\" href=\"#rdv\" target=\"_self\">\n                    R\u00e9server un rendez-vous en ligne                  <\/a>\n                                          <\/div>\n          \n        <\/div>\n      <\/div>\n    <\/div>\n  <\/div>\n  <\/div>\n\n\n<div id=\"lead-text-block_c0e780f5958336f497260c23bb777158\" class=\"lead-text \n mt-medium mb-medium\">\n      <div class=\"container\">\n      <div class=\"row\">\n        <div class=\"offset-xl-2 col-xl-8\">\n\n          \n          \n          \n                      <div class=\"wysiwyg text text-center \">\n              <p>Nos sp\u00e9cialistes \u00e9m\u00e9rites du sommeil sont disponibles pour vous aider \u00e0 choisir la solution de sommeil qui r\u00e9pond le mieux \u00e0 vos besoins. S\u00e9lectionnez le showroom BICO pr\u00e8s de chez vous et prenez rendez-vous en ligne d\u00e8s maintenant.<\/p>\n            <\/div>\n          \n        <\/div>\n      <\/div>\n    <\/div>\n  <\/div>\n\n\n<div id=\"anker-leiste-block_2181353a597f0549291fb2ddb0ea7845\" class=\"anker-leiste \n variante-1\">\n\n      <div class=\"container\">\n      <div class=\"row justify-content-center\">\n\n                  <div class=\"col-lg-6 col-xl-12 col-xxl-10\">\n\n            <div class=\"bar\">\n              <div class=\"bar-header d-xl-none\">\n                <div class=\"bar-title-wrapper\">\n                  <div class=\"bar-open-wrapper\">\n                    <i class=\"fak fa-icon-burger-mobile\"><\/i>\n                  <\/div>\n                  <div class=\"bar-close-wrapper\">\n                  <?xml version=\"1.0\"?>\n<svg xmlns=\"http:\/\/www.w3.org\/2000\/svg\" width=\"24\" height=\"24\" viewBox=\"0 0 24 24\" fill=\"none\" class=\"icon icon-close-large-icon img-fluid\" aria-labelledby=\"schliessen-icon\" role=\"img\">\n<path d=\"M23 1.00391L1 23.0039\" stroke=\"#0F1531\"\/>\n<path d=\"M23 23.0039L1 1.00391\" stroke=\"#0F1531\"\/>\n<title id=\"schliessen-icon\">schliessen<\/title><\/svg>\n \n                  <\/div>\n                  <div class=\"bar-title\">\n                    Avantages &#038; d\u00e9tails                  <\/div>\n                <\/div>\n                \n              <\/div>\n\n              <div class=\"bar-wrapper\">\n\n                <div class=\"bar-items\">\n\n                                      <a class=\"anchor-item\" href=\"#ablauf\">\n                                            D\u00e9roulement                    <\/a>\n                                      <a class=\"anchor-item\" href=\"#rdv\">\n                                            Prenez rendez-vous en ligne                    <\/a>\n                  \n                <\/div>\n\n                              <\/div>\n            <\/div>\n          <\/div>\n\n        \n\n      <\/div>\n    <\/div>\n  \n<\/div>\n\n\n<div id=\"ablauf\" class=\"scrolltelling \n mt-medium mb-medium\">\n\n      <div class=\"container\">\n      <div class=\"row\">\n        <div class=\"offset-xl-3 col-xl-6 text-center\">\n                      <h2 class=\"h2 large mb-3\">D\u00e9roulement de votre entretien de conseil<\/h2>\n                            <\/div>\n      <\/div>\n    <\/div>\n  \n      <div class=\"container visuals\">\n                        <div class=\"visual-item\" data-aos=\"fade-up\" data-aos-offset=\"300\">\n                          <div class=\"desc-wrapper odd\">\n                                  <div>\n                                          <h3>\n                                                  <span>D\u00e9termination des besoins<\/span>\n                                                                          <div class=\"tag-item\">\n                            15 min                          <\/div>\n                                              <\/h3>\n                                                              <div class=\"wysiwyg font-size-smaller\">\n                        <p>Discussion sur vos souhaits et besoins personnels<\/p>\n                      <\/div>\n                                      <\/div>\n                  <div class=\"visual-item-index font-size-smaller\">\n                    1                  <\/div>\n                              <\/div>\n            \n            \n            <div class=\"visual-icon-wrapper\">\n              <div class=\"circle bg-mint-light\">\n                                  <img decoding=\"async\" src=\"https:\/\/bico.ch\/wp-content\/uploads\/2025\/01\/Bedarfsermittlung.svg\" alt=\"BICO Beratungstermin Bedarfsermittlung\" \/>\n                              <\/div>\n            <\/div>\n\n                          <div class=\"gap\"><\/div>\n            \n\n                      <\/div>\n                                <div class=\"visual-item\" data-aos=\"fade-up\" data-aos-offset=\"300\">\n            \n                          <div class=\"gap\"><\/div>\n            \n            <div class=\"visual-icon-wrapper\">\n              <div class=\"circle bg-mint-light\">\n                                  <img decoding=\"async\" src=\"https:\/\/bico.ch\/wp-content\/uploads\/2025\/01\/Probeliegen.svg\" alt=\"BICO Beratungstermin Probeliegen\" \/>\n                              <\/div>\n            <\/div>\n\n            \n\n                          <div class=\"desc-wrapper even\">\n                                  <div class=\"visual-item-index font-size-smaller\">\n                    2                  <\/div>\n                  <div>\n                                          <h3>\n                                                  <span>Propositions de solutions<\/span>\n                                                                          <div class=\"tag-item\">\n                            15 min                          <\/div>\n                                              <\/h3>\n                                                              <div class=\"wysiwyg font-size-smaller\">\n                        <p>Pr\u00e9sentation de possibles produits et degr\u00e9s de fermet\u00e9 ad\u00e9quats, et explication<\/p>\n                      <\/div>\n                                      <\/div>\n                              <\/div>\n                      <\/div>\n                                <div class=\"visual-item\" data-aos=\"fade-up\" data-aos-offset=\"300\">\n                          <div class=\"desc-wrapper odd\">\n                                  <div>\n                                          <h3>\n                                                  <span>Essai<\/span>\n                                                                          <div class=\"tag-item\">\n                            15-35 min                          <\/div>\n                                              <\/h3>\n                                                              <div class=\"wysiwyg font-size-smaller\">\n                        <p>Essai accompagn\u00e9, avec conseil sur le confort de couchage et comparaison des mod\u00e8les<\/p>\n                      <\/div>\n                                      <\/div>\n                  <div class=\"visual-item-index font-size-smaller\">\n                    3                  <\/div>\n                              <\/div>\n            \n            \n            <div class=\"visual-icon-wrapper\">\n              <div class=\"circle bg-mint-light\">\n                                  <img decoding=\"async\" src=\"https:\/\/bico.ch\/wp-content\/uploads\/2024\/09\/pikto_schlafberatung.svg\" alt=\"Essai accompagn\u00e9\" \/>\n                              <\/div>\n            <\/div>\n\n                          <div class=\"gap\"><\/div>\n            \n\n                      <\/div>\n                  <\/div>\n  \n<\/div>\n\n\n<div id=\"bild-text-block_80b283bd0ce89e860028d19a9ea831a3\" class=\"bild-text \n mt-medium mb-medium variante-1 mobile-column\">\n\n  \n\n\n\n  <div class=\"container\">\n    <div class=\"row element-row align-items-center align-items-lg-center flip\">\n\n              <div class=\"col-xl-1\"><\/div>\n      \n      <div class=\"text-column col-md-8 col-lg-5 col-lg-5 offset-lg-0 offset-xl-1 col-xl-4\n              \">\n\n                  <h3 class=\"h5 lead\">Conseil en sommeil<\/h3>\n                          <h2  class=\"h2 large \">Prenez rendez-vous en ligne.<\/h2>\n                          <div class=\"wysiwyg text\"><p><a href=\"#rdv\">Dans l\u2019un de nos quatre showrooms suisses, \u00e0 Berne, \u00e0 Zurich, \u00e0 Lucerne ou au si\u00e8ge \u00e0 Sch\u00e4nis (SG)<\/a>, o\u00f9 se trouve \u00e9galement notre site de production. Vous pouvez facilement choisir le moment qui vous convient le mieux dans <a href=\"#rdv\">notre calendrier en ligne<\/a>. Nous pouvons ainsi vous garantir un accompagnement personnalis\u00e9 et des conseils complets.<\/p>\n<\/div>\n        \n        \n\n                  <div class=\"btn-wrapper\">\n                                          <div>\n                  <a class=\"btn btn-primary\" href=\"#rdv\" target=\"_self\">\n                    R\u00e9server une consultation en sommeil                  <\/a>\n                <\/div>\n                                    <\/div>\n        \n        \n\n\n      <\/div>\n\n              <div class=\"col-lg-1 d-xl-none\"><\/div>\n      \n              <div class=\"image-column  col-lg-6 col-xl-5 \">\n                      <div class=\"img-wrapper\">\n                                              <picture>\n                                      <source\n                      media=\"(min-width: 768px) and (max-width: 991px)\"\n                      srcset=\"https:\/\/bico.ch\/wp-content\/uploads\/2024\/06\/karte-4-showrooms-1340x892-1-aspect-ratio-1340-892-1-1024x682.webp 1024w, https:\/\/bico.ch\/wp-content\/uploads\/2024\/06\/karte-4-showrooms-1340x892-1-aspect-ratio-1340-892-1-300x200.webp 300w, https:\/\/bico.ch\/wp-content\/uploads\/2024\/06\/karte-4-showrooms-1340x892-1-aspect-ratio-1340-892-1-768x511.webp 768w, https:\/\/bico.ch\/wp-content\/uploads\/2024\/06\/karte-4-showrooms-1340x892-1-aspect-ratio-1340-892-1-600x399.webp 600w, https:\/\/bico.ch\/wp-content\/uploads\/2024\/06\/karte-4-showrooms-1340x892-1-aspect-ratio-1340-892-1.webp 1340w\"\n                      sizes=\"100vw\">\n                                    <img class=\"img-fluid\"\n                    src=\"https:\/\/bico.ch\/wp-content\/uploads\/2024\/06\/karte-4-showrooms-1404x1404-1-aspect-ratio-1404-1404-1.webp\"\n                    srcset=\"https:\/\/bico.ch\/wp-content\/uploads\/2024\/06\/karte-4-showrooms-1404x1404-1-aspect-ratio-1404-1404-1-1024x1024.webp 1024w, https:\/\/bico.ch\/wp-content\/uploads\/2024\/06\/karte-4-showrooms-1404x1404-1-aspect-ratio-1404-1404-1-300x300.webp 300w, https:\/\/bico.ch\/wp-content\/uploads\/2024\/06\/karte-4-showrooms-1404x1404-1-aspect-ratio-1404-1404-1-150x150.webp 150w, https:\/\/bico.ch\/wp-content\/uploads\/2024\/06\/karte-4-showrooms-1404x1404-1-aspect-ratio-1404-1404-1-768x768.webp 768w, https:\/\/bico.ch\/wp-content\/uploads\/2024\/06\/karte-4-showrooms-1404x1404-1-aspect-ratio-1404-1404-1-600x600.webp 600w, https:\/\/bico.ch\/wp-content\/uploads\/2024\/06\/karte-4-showrooms-1404x1404-1-aspect-ratio-1404-1404-1-100x100.webp 100w, https:\/\/bico.ch\/wp-content\/uploads\/2024\/06\/karte-4-showrooms-1404x1404-1-aspect-ratio-1404-1404-1-50x50.webp 50w, https:\/\/bico.ch\/wp-content\/uploads\/2024\/06\/karte-4-showrooms-1404x1404-1-aspect-ratio-1404-1404-1.webp 1404w\"                     sizes=\"auto, (max-width: 768px) 100vw, (max-width: 992px) 50vw, 600px\"\n                    width=\"1404\"\n                    height=\"1404\"\n                    alt=\"\"\n                    loading=\"lazy\"\n                    decoding=\"async\">\n                <\/picture>\n                                        <\/div>\n                  <\/div>\n      \n\n      \n\n    <\/div>\n  <\/div>\n<\/div>\n\n\n<div id=\"rdv\" class=\"stores \n bg-grey-light pt-space-xxxl pb-content-spacing\">\n    <div class=\"container\">\n\n        <div class=\"row\">\n            <div class=\"offset-lg-3 col-lg-6 text-center\">\n                                    <div class=\"section-header\">\n                        <h2 class=\"mb-3\">Prendre rendez-vous pour un conseil produit gratuit<\/h2>\n                    <\/div>\n                \n                                    <div class=\"wysiwyg section-lead text-small text-medium\"><p>Fixez d\u00e8s maintenant votre rendez-vous de conseil personnalis\u00e9 sur place dans notre showroom.<\/p>\n<\/div>\n                            <\/div>\n        <\/div>\n\n        <div class=\"row\">\n            <div class=\"col-lg-12\">\n\n                <div class=\"stores-wrapper\">\n\n                    \n                        <!-- Bootstrap 5 Tab Navigation -->\n                        <div class=\"stores-tabs py-space-xs\">\n                                                            <div class=\"section-tabs-beschriftung d-none d-lg-block text-small text-primary fw-medium\">\n                                    S\u00e9lectionner un showroom                                <\/div>\n                            \n                            <div class=\"nav d-flex gap-xxxs\" id=\"storesTab-rdv\" role=\"tablist\">\n                                                                    <button class=\"btn btn-tab  active\"\n                                        id=\"stores-tab-rdv-1-btn\"\n                                        data-bs-toggle=\"tab\"\n                                        data-bs-target=\"#stores-tab-rdv-1\"\n                                        type=\"button\"\n                                        role=\"tab\"\n                                        aria-controls=\"stores-tab-rdv-1\"\n                                        aria-selected=\"true\">\n                                        Berne                                    <\/button>\n                                                                    <button class=\"btn btn-tab \"\n                                        id=\"stores-tab-rdv-2-btn\"\n                                        data-bs-toggle=\"tab\"\n                                        data-bs-target=\"#stores-tab-rdv-2\"\n                                        type=\"button\"\n                                        role=\"tab\"\n                                        aria-controls=\"stores-tab-rdv-2\"\n                                        aria-selected=\"false\">\n                                        Z\u00fcrich                                    <\/button>\n                                                                    <button class=\"btn btn-tab \"\n                                        id=\"stores-tab-rdv-3-btn\"\n                                        data-bs-toggle=\"tab\"\n                                        data-bs-target=\"#stores-tab-rdv-3\"\n                                        type=\"button\"\n                                        role=\"tab\"\n                                        aria-controls=\"stores-tab-rdv-3\"\n                                        aria-selected=\"false\">\n                                        Sch\u00e4nis                                    <\/button>\n                                                                    <button class=\"btn btn-tab \"\n                                        id=\"stores-tab-rdv-4-btn\"\n                                        data-bs-toggle=\"tab\"\n                                        data-bs-target=\"#stores-tab-rdv-4\"\n                                        type=\"button\"\n                                        role=\"tab\"\n                                        aria-controls=\"stores-tab-rdv-4\"\n                                        aria-selected=\"false\">\n                                        Luzern                                    <\/button>\n                                                            <\/div>\n                        <\/div>\n\n                    \n                    \n                        <!-- Bootstrap 5 Tab Content -->\n                        <div class=\"tab-content stores-content pt-space-l pb-space-xxxl\" id=\"storesTabContent-rdv\">\n                            \n                                <div class=\"tab-pane fade show active\"\n                                    id=\"stores-tab-rdv-1\"\n                                    role=\"tabpanel\"\n                                    aria-labelledby=\"stores-tab-rdv-1-btn\"\n                                    tabindex=\"0\">\n\n\n                                    <div class=\"store-item\">\n                                        <div class=\"row\">\n                                            <div class=\"col-lg-6 \">\n                                                <div class=\"store-image-wrapper\">\n                                                                                                            <div class=\"store-image\" style=\"background-image: url('https:\/\/bico.ch\/wp-content\/uploads\/2026\/03\/bico-showroom-bern-teaser-1404x1404-1-aspect-ratio-1300-1040.webp');\" role=\"img\" aria-label=\"\"><\/div>\n                                                                                                    <\/div>\n                                            <\/div>\n\n                                            <div class=\"col-lg-6\">\n                                                <div class=\"store-content pt-space-xxxl pb-space-xxxl\">\n\n                                                    <div class=\"store-content-header\">\n                                                                                                                    <h2 class=\"large\">\n                                                                Showroom Berne                                                            <\/h2>\n                                                        \n                                                                                                                    <div class=\"store-address text-small text-medium gap-xxxs\">\n                                                                <div class=\"icon-wrapper\">\n                                                                    <?xml version=\"1.0\"?>\n<svg xmlns=\"http:\/\/www.w3.org\/2000\/svg\" width=\"15\" height=\"21\" viewBox=\"0 0 15 21\" fill=\"none\" class=\"icon icon_marker-icon img-fluid\" aria-hidden=\"true\" role=\"presentation\">\n<path d=\"M13.6071 7.17857C13.6071 10.7357 7.17857 19.3214 7.17857 19.3214C7.17857 19.3214 0.75 10.7357 0.75 7.17857C0.75 3.62143 3.62143 0.75 7.17857 0.75C10.7357 0.75 13.6071 3.62143 13.6071 7.17857Z\" stroke=\"#4B5065\" stroke-width=\"1.5\" stroke-miterlimit=\"5.7143\" stroke-linecap=\"round\" stroke-linejoin=\"round\"\/>\n<path d=\"M5.03516 7.1785C5.03516 8.36422 5.9923 9.32136 7.17801 9.32136C8.36373 9.32136 9.32087 8.36422 9.32087 7.1785C9.32087 5.99279 8.36373 5.03564 7.17801 5.03564C5.9923 5.03564 5.03516 5.99279 5.03516 7.1785Z\" stroke=\"#4B5065\" stroke-width=\"1.5\" stroke-miterlimit=\"5.7143\" stroke-linecap=\"round\" stroke-linejoin=\"round\"\/>\n<\/svg>\n                                                                <\/div>\n                                                                <address class=\"mb-0\">\n                                                                    Aarbergergasse 1, 3011 Bern                                                                <\/address>\n                                                            <\/div>\n                                                                                                            <\/div>\n\n                                                    <div class=\"store-content-inner\">\n\n                                                                                                                    <h6 class=\"mb-0\">Horaires d\u2019ouverture<\/h3>\n                                                            \n                                                                                                                            <div class=\"openinghours\">\n                                                                                                                                                                                                                        <div class=\"openinghour-item text-medium text-small\">\n                                                                                <div class=\"wochentag\">Mardi \u00e0 vendredi<\/div>\n                                                                                <div class=\"oeffnungszeit\">9h30 \u2013 18h30<\/div>\n                                                                            <\/div>\n                                                                                                                                                                                                                                                                                                <div class=\"openinghour-item text-medium text-small\">\n                                                                                <div class=\"wochentag\">Samedi<\/div>\n                                                                                <div class=\"oeffnungszeit\">9h30 \u2013 17h00<\/div>\n                                                                            <\/div>\n                                                                                                                                                                                                            <\/div>\n                                                            \n                                                    <\/div>\n\n                                                                                                            <div class=\"action-wrapper d-flex gap-s flex-column\">\n                                                                                                                            <div class=\"btn-wrapper\">\n                                                                    <a class=\"btn btn-primary\"\n                                                                        href=\"https:\/\/outlook.office.com\/book\/ShowroomBern@ha-ad.net\/s\/F2vOC9cpuk-hvJfGiQ4o4A2?ismsaljsauthenabled\"\n                                                                        target=\"_blank\">\n                                                                        R\u00e9server un rendez-vous                                                                    <\/a>\n                                                                <\/div>\n                                                            \n                                                                                                                            <div class=\"link-wrapper\">\n                                                                    <div>\n                                                                        <a class=\"line-link mb-2\" href=\"https:\/\/bico.ch\/fr\/berne\/\" target=\"_self\">\n                                                                            D\u00e9couvrir le showroom de Berne                                                                        <\/a>\n                                                                    <\/div>\n                                                                <\/div>\n                                                                                                                    <\/div>\n                                                                                                    <\/div>\n                                            <\/div>\n                                        <\/div>\n                                    <\/div>\n\n                                <\/div>\n\n                            \n                                <div class=\"tab-pane fade\"\n                                    id=\"stores-tab-rdv-2\"\n                                    role=\"tabpanel\"\n                                    aria-labelledby=\"stores-tab-rdv-2-btn\"\n                                    tabindex=\"0\">\n\n\n                                    <div class=\"store-item\">\n                                        <div class=\"row\">\n                                            <div class=\"col-lg-6 \">\n                                                <div class=\"store-image-wrapper\">\n                                                                                                            <div class=\"store-image\" style=\"background-image: url('https:\/\/bico.ch\/wp-content\/uploads\/2026\/03\/bico-schowrom-zuerich-1-1-aspect-ratio-1300-1040.webp');\" role=\"img\" aria-label=\"\"><\/div>\n                                                                                                    <\/div>\n                                            <\/div>\n\n                                            <div class=\"col-lg-6\">\n                                                <div class=\"store-content pt-space-xxxl pb-space-xxxl\">\n\n                                                    <div class=\"store-content-header\">\n                                                                                                                    <h2 class=\"large\">\n                                                                Showroom Z\u00fcrich                                                            <\/h2>\n                                                        \n                                                                                                                    <div class=\"store-address text-small text-medium gap-xxxs\">\n                                                                <div class=\"icon-wrapper\">\n                                                                    <?xml version=\"1.0\"?>\n<svg xmlns=\"http:\/\/www.w3.org\/2000\/svg\" width=\"15\" height=\"21\" viewBox=\"0 0 15 21\" fill=\"none\" class=\"icon icon_marker-icon img-fluid\" aria-hidden=\"true\" role=\"presentation\">\n<path d=\"M13.6071 7.17857C13.6071 10.7357 7.17857 19.3214 7.17857 19.3214C7.17857 19.3214 0.75 10.7357 0.75 7.17857C0.75 3.62143 3.62143 0.75 7.17857 0.75C10.7357 0.75 13.6071 3.62143 13.6071 7.17857Z\" stroke=\"#4B5065\" stroke-width=\"1.5\" stroke-miterlimit=\"5.7143\" stroke-linecap=\"round\" stroke-linejoin=\"round\"\/>\n<path d=\"M5.03516 7.1785C5.03516 8.36422 5.9923 9.32136 7.17801 9.32136C8.36373 9.32136 9.32087 8.36422 9.32087 7.1785C9.32087 5.99279 8.36373 5.03564 7.17801 5.03564C5.9923 5.03564 5.03516 5.99279 5.03516 7.1785Z\" stroke=\"#4B5065\" stroke-width=\"1.5\" stroke-miterlimit=\"5.7143\" stroke-linecap=\"round\" stroke-linejoin=\"round\"\/>\n<\/svg>\n                                                                <\/div>\n                                                                <address class=\"mb-0\">\n                                                                    Pelikanstrasse 11, 8001 Z\u00fcrich                                                                <\/address>\n                                                            <\/div>\n                                                                                                            <\/div>\n\n                                                    <div class=\"store-content-inner\">\n\n                                                                                                                    <h6 class=\"mb-0\">Horaires d\u2019ouverture<\/h3>\n                                                            \n                                                                                                                            <div class=\"openinghours\">\n                                                                                                                                                                                                                        <div class=\"openinghour-item text-medium text-small\">\n                                                                                <div class=\"wochentag\">Mardi \u00e0 vendredi<\/div>\n                                                                                <div class=\"oeffnungszeit\">10h00 \u2013 19h00<\/div>\n                                                                            <\/div>\n                                                                                                                                                                                                                                                                                                <div class=\"openinghour-item text-medium text-small\">\n                                                                                <div class=\"wochentag\">Samedi<\/div>\n                                                                                <div class=\"oeffnungszeit\">10h00 \u2013 16h00<\/div>\n                                                                            <\/div>\n                                                                                                                                                                                                            <\/div>\n                                                            \n                                                    <\/div>\n\n                                                                                                            <div class=\"action-wrapper d-flex gap-s flex-column\">\n                                                                                                                            <div class=\"btn-wrapper\">\n                                                                    <a class=\"btn btn-primary\"\n                                                                        href=\"https:\/\/outlook.office.com\/book\/ShowroomZrich1@ha-ad.net\/s\/0oAzSUnTLUmO7QRj4l2hLQ2?ismsaljsauthenabled\"\n                                                                        target=\"_blank\">\n                                                                        R\u00e9server un rendez-vous                                                                    <\/a>\n                                                                <\/div>\n                                                            \n                                                                                                                            <div class=\"link-wrapper\">\n                                                                    <div>\n                                                                        <a class=\"line-link mb-2\" href=\"https:\/\/bico.ch\/zuerich\/\" target=\"_self\">\n                                                                            D\u00e9couvrir le showroom de Z\u00fcrich                                                                        <\/a>\n                                                                    <\/div>\n                                                                <\/div>\n                                                                                                                    <\/div>\n                                                                                                    <\/div>\n                                            <\/div>\n                                        <\/div>\n                                    <\/div>\n\n                                <\/div>\n\n                            \n                                <div class=\"tab-pane fade\"\n                                    id=\"stores-tab-rdv-3\"\n                                    role=\"tabpanel\"\n                                    aria-labelledby=\"stores-tab-rdv-3-btn\"\n                                    tabindex=\"0\">\n\n\n                                    <div class=\"store-item\">\n                                        <div class=\"row\">\n                                            <div class=\"col-lg-6 \">\n                                                <div class=\"store-image-wrapper\">\n                                                                                                            <div class=\"store-image\" style=\"background-image: url('https:\/\/bico.ch\/wp-content\/uploads\/2026\/03\/bico-schowroom-schaenis-1-1-aspect-ratio-1300-1040.webp');\" role=\"img\" aria-label=\"\"><\/div>\n                                                                                                    <\/div>\n                                            <\/div>\n\n                                            <div class=\"col-lg-6\">\n                                                <div class=\"store-content pt-space-xxxl pb-space-xxxl\">\n\n                                                    <div class=\"store-content-header\">\n                                                                                                                    <h2 class=\"large\">\n                                                                Showroom Sch\u00e4nis                                                            <\/h2>\n                                                        \n                                                                                                                    <div class=\"store-address text-small text-medium gap-xxxs\">\n                                                                <div class=\"icon-wrapper\">\n                                                                    <?xml version=\"1.0\"?>\n<svg xmlns=\"http:\/\/www.w3.org\/2000\/svg\" width=\"15\" height=\"21\" viewBox=\"0 0 15 21\" fill=\"none\" class=\"icon icon_marker-icon img-fluid\" aria-hidden=\"true\" role=\"presentation\">\n<path d=\"M13.6071 7.17857C13.6071 10.7357 7.17857 19.3214 7.17857 19.3214C7.17857 19.3214 0.75 10.7357 0.75 7.17857C0.75 3.62143 3.62143 0.75 7.17857 0.75C10.7357 0.75 13.6071 3.62143 13.6071 7.17857Z\" stroke=\"#4B5065\" stroke-width=\"1.5\" stroke-miterlimit=\"5.7143\" stroke-linecap=\"round\" stroke-linejoin=\"round\"\/>\n<path d=\"M5.03516 7.1785C5.03516 8.36422 5.9923 9.32136 7.17801 9.32136C8.36373 9.32136 9.32087 8.36422 9.32087 7.1785C9.32087 5.99279 8.36373 5.03564 7.17801 5.03564C5.9923 5.03564 5.03516 5.99279 5.03516 7.1785Z\" stroke=\"#4B5065\" stroke-width=\"1.5\" stroke-miterlimit=\"5.7143\" stroke-linecap=\"round\" stroke-linejoin=\"round\"\/>\n<\/svg>\n                                                                <\/div>\n                                                                <address class=\"mb-0\">\n                                                                    Biltnerstrasse 42, 8718 Sch\u00e4nis                                                                <\/address>\n                                                            <\/div>\n                                                                                                            <\/div>\n\n                                                    <div class=\"store-content-inner\">\n\n                                                                                                                    <h6 class=\"mb-0\">Horaires d\u2019ouverture<\/h3>\n                                                            \n                                                                                                                            <div class=\"openinghours\">\n                                                                                                                                                                                                                        <div class=\"openinghour-item text-medium text-small\">\n                                                                                <div class=\"wochentag\">Lundi \u00e0 mercredi<\/div>\n                                                                                <div class=\"oeffnungszeit\">9h00 \u2013 12h00 \/ 13h00 \u2013 17h00<\/div>\n                                                                            <\/div>\n                                                                                                                                                                                                                                                                                                <div class=\"openinghour-item text-medium text-small\">\n                                                                                <div class=\"wochentag\">Jeudi<\/div>\n                                                                                <div class=\"oeffnungszeit\">9h00 \u2013 12h00 \/ 13h00 \u2013 19h00<\/div>\n                                                                            <\/div>\n                                                                                                                                                                                                                                                                                                <div class=\"openinghour-item text-medium text-small\">\n                                                                                <div class=\"wochentag\">Vendredi<\/div>\n                                                                                <div class=\"oeffnungszeit\">9h00 \u2013 12h00 \/ 13h00 \u2013 17h00<\/div>\n                                                                            <\/div>\n                                                                                                                                                                                                                                                                                                <div class=\"openinghour-item text-medium text-small\">\n                                                                                <div class=\"wochentag\">Samedi<\/div>\n                                                                                <div class=\"oeffnungszeit\">9h00 \u2013 16h00<\/div>\n                                                                            <\/div>\n                                                                                                                                                                                                            <\/div>\n                                                            \n                                                    <\/div>\n\n                                                                                                            <div class=\"action-wrapper d-flex gap-s flex-column\">\n                                                                                                                            <div class=\"btn-wrapper\">\n                                                                    <a class=\"btn btn-primary\"\n                                                                        href=\"https:\/\/outlook.office.com\/book\/ProduktberatungShowroomSchnis@ha-ad.net\/s\/0oAzSUnTLUmO7QRj4l2hLQ2?ismsaljsauthenabled\"\n                                                                        target=\"_blank\">\n                                                                        R\u00e9server un rendez-vous                                                                    <\/a>\n                                                                <\/div>\n                                                            \n                                                                                                                            <div class=\"link-wrapper\">\n                                                                    <div>\n                                                                        <a class=\"line-link mb-2\" href=\"https:\/\/bico.ch\/schaenis\/\" target=\"_self\">\n                                                                            D\u00e9couvrir le showroom de Sch\u00e4nis                                                                        <\/a>\n                                                                    <\/div>\n                                                                <\/div>\n                                                                                                                    <\/div>\n                                                                                                    <\/div>\n                                            <\/div>\n                                        <\/div>\n                                    <\/div>\n\n                                <\/div>\n\n                            \n                                <div class=\"tab-pane fade\"\n                                    id=\"stores-tab-rdv-4\"\n                                    role=\"tabpanel\"\n                                    aria-labelledby=\"stores-tab-rdv-4-btn\"\n                                    tabindex=\"0\">\n\n\n                                    <div class=\"store-item\">\n                                        <div class=\"row\">\n                                            <div class=\"col-lg-6 \">\n                                                <div class=\"store-image-wrapper\">\n                                                                                                            <div class=\"store-image\" style=\"background-image: url('https:\/\/bico.ch\/wp-content\/uploads\/2026\/03\/bico-showroom-luzern-3-1404x1404-1-aspect-ratio-1300-1040.webp');\" role=\"img\" aria-label=\"\"><\/div>\n                                                                                                    <\/div>\n                                            <\/div>\n\n                                            <div class=\"col-lg-6\">\n                                                <div class=\"store-content pt-space-xxxl pb-space-xxxl\">\n\n                                                    <div class=\"store-content-header\">\n                                                                                                                    <h2 class=\"large\">\n                                                                Showroom Luzern                                                            <\/h2>\n                                                        \n                                                                                                                    <div class=\"store-address text-small text-medium gap-xxxs\">\n                                                                <div class=\"icon-wrapper\">\n                                                                    <?xml version=\"1.0\"?>\n<svg xmlns=\"http:\/\/www.w3.org\/2000\/svg\" width=\"15\" height=\"21\" viewBox=\"0 0 15 21\" fill=\"none\" class=\"icon icon_marker-icon img-fluid\" aria-hidden=\"true\" role=\"presentation\">\n<path d=\"M13.6071 7.17857C13.6071 10.7357 7.17857 19.3214 7.17857 19.3214C7.17857 19.3214 0.75 10.7357 0.75 7.17857C0.75 3.62143 3.62143 0.75 7.17857 0.75C10.7357 0.75 13.6071 3.62143 13.6071 7.17857Z\" stroke=\"#4B5065\" stroke-width=\"1.5\" stroke-miterlimit=\"5.7143\" stroke-linecap=\"round\" stroke-linejoin=\"round\"\/>\n<path d=\"M5.03516 7.1785C5.03516 8.36422 5.9923 9.32136 7.17801 9.32136C8.36373 9.32136 9.32087 8.36422 9.32087 7.1785C9.32087 5.99279 8.36373 5.03564 7.17801 5.03564C5.9923 5.03564 5.03516 5.99279 5.03516 7.1785Z\" stroke=\"#4B5065\" stroke-width=\"1.5\" stroke-miterlimit=\"5.7143\" stroke-linecap=\"round\" stroke-linejoin=\"round\"\/>\n<\/svg>\n                                                                <\/div>\n                                                                <address class=\"mb-0\">\n                                                                    Metzgerrainle 4, 6004 Luzern                                                                <\/address>\n                                                            <\/div>\n                                                                                                            <\/div>\n\n                                                    <div class=\"store-content-inner\">\n\n                                                                                                                    <h6 class=\"mb-0\">Horaires d\u2019ouverture<\/h3>\n                                                            \n                                                                                                                            <div class=\"openinghours\">\n                                                                                                                                                                                                                        <div class=\"openinghour-item text-medium text-small\">\n                                                                                <div class=\"wochentag\">Mardi \u00e0 vendredi<\/div>\n                                                                                <div class=\"oeffnungszeit\">9h30 \u2013 18h30<\/div>\n                                                                            <\/div>\n                                                                                                                                                                                                                                                                                                <div class=\"openinghour-item text-medium text-small\">\n                                                                                <div class=\"wochentag\">Samedi<\/div>\n                                                                                <div class=\"oeffnungszeit\">9h30 \u2013 16h30<\/div>\n                                                                            <\/div>\n                                                                                                                                                                                                            <\/div>\n                                                            \n                                                    <\/div>\n\n                                                                                                            <div class=\"action-wrapper d-flex gap-s flex-column\">\n                                                                                                                            <div class=\"btn-wrapper\">\n                                                                    <a class=\"btn btn-primary\"\n                                                                        href=\"https:\/\/outlook.office.com\/book\/ShowroomLuzern@ha-ad.net\/s\/0oAzSUnTLUmO7QRj4l2hLQ2?ismsaljsauthenabled\"\n                                                                        target=\"_blank\">\n                                                                        R\u00e9server un rendez-vous                                                                    <\/a>\n                                                                <\/div>\n                                                            \n                                                                                                                            <div class=\"link-wrapper\">\n                                                                    <div>\n                                                                        <a class=\"line-link mb-2\" href=\"https:\/\/bico.ch\/luzern\/\" target=\"_self\">\n                                                                            D\u00e9couvrir le showroom de Luzern                                                                        <\/a>\n                                                                    <\/div>\n                                                                <\/div>\n                                                                                                                    <\/div>\n                                                                                                    <\/div>\n                                            <\/div>\n                                        <\/div>\n                                    <\/div>\n\n                                <\/div>\n\n                                                    <\/div>\n\n                    \n                <\/div>\n\n            <\/div>\n        <\/div>\n\n    <\/div>\n<\/div>\n\n\n<div id=\"bild-text-block_be355ea84ddcee711fe677361e542e50\" class=\"bild-text \n mt-medium mb-medium variante-1 mobile-column\">\n\n  \n\n\n\n  <div class=\"container\">\n    <div class=\"row element-row align-items-center align-items-lg-center flip\">\n\n              <div class=\"col-xl-1\"><\/div>\n      \n      <div class=\"text-column col-md-8 col-lg-5 col-lg-5 offset-lg-0 offset-xl-1 col-xl-4\n              \">\n\n                  <h3 class=\"h5 lead\">Confort de sommeil<\/h3>\n                          <h2  class=\"h2 large \">Trouvez la solution de sommeil qui vous convient le mieux<\/h2>\n                          <div class=\"wysiwyg text\"><p>Apr\u00e8s une analyse compl\u00e8te de vos besoins, nous vous pr\u00e9sentons diverses solutions de sommeil totalement conformes \u00e0 vos exigences. Vous avez la possibilit\u00e9 de tester tranquillement une multitude de produits tels que matelas, sommiers \u00e0 lattes, lits boxspring, etc. Notre objectif est toujours de trouver le produit parfait pour vous et de vous offrir ainsi un confort de sommeil sup\u00e9rieur.<\/p>\n<\/div>\n        \n        \n\n                  <div class=\"btn-wrapper\">\n                                          <div>\n                  <a class=\"btn btn-primary\" href=\"#rdv\" target=\"_self\">\n                    Prendre rendez-vous en ligne maintenant                  <\/a>\n                <\/div>\n                                    <\/div>\n        \n        \n\n\n      <\/div>\n\n              <div class=\"col-lg-1 d-xl-none\"><\/div>\n      \n              <div class=\"image-column  col-lg-6 col-xl-5 \">\n                      <div class=\"img-wrapper\">\n                                              <picture>\n                                      <source\n                      media=\"(min-width: 768px) and (max-width: 991px)\"\n                      srcset=\"https:\/\/bico.ch\/wp-content\/uploads\/2024\/05\/bico-schlafberatung-showroom-1340x892-1-aspect-ratio-1340-892-1024x682.webp 1024w, https:\/\/bico.ch\/wp-content\/uploads\/2024\/05\/bico-schlafberatung-showroom-1340x892-1-aspect-ratio-1340-892-300x200.webp 300w, https:\/\/bico.ch\/wp-content\/uploads\/2024\/05\/bico-schlafberatung-showroom-1340x892-1-aspect-ratio-1340-892-768x511.webp 768w, https:\/\/bico.ch\/wp-content\/uploads\/2024\/05\/bico-schlafberatung-showroom-1340x892-1-aspect-ratio-1340-892-600x399.webp 600w, https:\/\/bico.ch\/wp-content\/uploads\/2024\/05\/bico-schlafberatung-showroom-1340x892-1-aspect-ratio-1340-892.webp 1340w\"\n                      sizes=\"100vw\">\n                                    <img class=\"img-fluid\"\n                    src=\"https:\/\/bico.ch\/wp-content\/uploads\/2024\/05\/bico-schlafberatung-showroom-1404x1404-1-aspect-ratio-1404-1404.webp\"\n                    srcset=\"https:\/\/bico.ch\/wp-content\/uploads\/2024\/05\/bico-schlafberatung-showroom-1404x1404-1-aspect-ratio-1404-1404-1024x1024.webp 1024w, https:\/\/bico.ch\/wp-content\/uploads\/2024\/05\/bico-schlafberatung-showroom-1404x1404-1-aspect-ratio-1404-1404-300x300.webp 300w, https:\/\/bico.ch\/wp-content\/uploads\/2024\/05\/bico-schlafberatung-showroom-1404x1404-1-aspect-ratio-1404-1404-150x150.webp 150w, https:\/\/bico.ch\/wp-content\/uploads\/2024\/05\/bico-schlafberatung-showroom-1404x1404-1-aspect-ratio-1404-1404-768x768.webp 768w, https:\/\/bico.ch\/wp-content\/uploads\/2024\/05\/bico-schlafberatung-showroom-1404x1404-1-aspect-ratio-1404-1404-600x600.webp 600w, https:\/\/bico.ch\/wp-content\/uploads\/2024\/05\/bico-schlafberatung-showroom-1404x1404-1-aspect-ratio-1404-1404-100x100.webp 100w, https:\/\/bico.ch\/wp-content\/uploads\/2024\/05\/bico-schlafberatung-showroom-1404x1404-1-aspect-ratio-1404-1404-50x50.webp 50w, https:\/\/bico.ch\/wp-content\/uploads\/2024\/05\/bico-schlafberatung-showroom-1404x1404-1-aspect-ratio-1404-1404.webp 1404w\"                     sizes=\"auto, (max-width: 768px) 100vw, (max-width: 992px) 50vw, 600px\"\n                    width=\"1404\"\n                    height=\"1404\"\n                    alt=\"\"\n                    loading=\"lazy\"\n                    decoding=\"async\">\n                <\/picture>\n                                        <\/div>\n                  <\/div>\n      \n\n      \n\n    <\/div>\n  <\/div>\n<\/div>\n\n\n<div id=\"bild-text-block_3fc38f6d3d80d97010bd7f5d320b012b\" class=\"bild-text \n mt-big  mb-medium variante-1 mobile-column\">\n\n  \n\n\n\n  <div class=\"container\">\n    <div class=\"row element-row align-items-center align-items-lg-start \">\n\n      \n      <div class=\"text-column col-md-8 col-lg-5 col-lg-5 offset-lg-0 offset-xl-1 col-xl-4\n              \">\n\n                  <h3 class=\"h5 lead\">Sp\u00e9cialistes du sommeil<\/h3>\n                          <h2  class=\"h2 large \">Faites-vous conseiller par des pros<\/h2>\n                          <div class=\"wysiwyg text\"><p>Nos conseill\u00e8res et conseillers en sommeil sont \u00e0 vos c\u00f4t\u00e9s pendant toute la dur\u00e9e de votre rendez-vous, pour r\u00e9pondre \u00e0 vos questions et vous donner de pr\u00e9cieux conseils afin d\u2019am\u00e9liorer votre routine de sommeil. Nous savons que le sommeil est important pour votre sant\u00e9 et votre bien-\u00eatre, et nous souhaitons vous aider \u00e0 cr\u00e9er le meilleur environnement de sommeil possible.<\/p>\n<\/div>\n        \n        \n\n                  <div class=\"btn-wrapper\">\n                                          <div>\n                  <a class=\"btn btn-primary\" href=\"#rdv\" target=\"_self\">\n                    Prendre rendez-vous en ligne maintenant                  <\/a>\n                <\/div>\n                                    <\/div>\n        \n        \n\n\n      <\/div>\n\n      \n              <div class=\"image-column  offset-lg-1 col-lg-6 offset-xl-1 col-xl-6\">\n                      <div class=\"img-wrapper\">\n                                              <picture>\n                                      <source\n                      media=\"(min-width: 768px) and (max-width: 991px)\"\n                      srcset=\"https:\/\/bico.ch\/wp-content\/uploads\/2024\/05\/bico-schlafberatung-showroom-spezialisten-1340x892-1-aspect-ratio-1340-892-1024x682.webp 1024w, https:\/\/bico.ch\/wp-content\/uploads\/2024\/05\/bico-schlafberatung-showroom-spezialisten-1340x892-1-aspect-ratio-1340-892-300x200.webp 300w, https:\/\/bico.ch\/wp-content\/uploads\/2024\/05\/bico-schlafberatung-showroom-spezialisten-1340x892-1-aspect-ratio-1340-892-768x511.webp 768w, https:\/\/bico.ch\/wp-content\/uploads\/2024\/05\/bico-schlafberatung-showroom-spezialisten-1340x892-1-aspect-ratio-1340-892-600x399.webp 600w, https:\/\/bico.ch\/wp-content\/uploads\/2024\/05\/bico-schlafberatung-showroom-spezialisten-1340x892-1-aspect-ratio-1340-892.webp 1340w\"\n                      sizes=\"100vw\">\n                                    <img class=\"img-fluid\"\n                    src=\"https:\/\/bico.ch\/wp-content\/uploads\/2024\/05\/bico-schlafberatung-showroom-spezialisten-1404x1404-1-aspect-ratio-1404-1404.webp\"\n                    srcset=\"https:\/\/bico.ch\/wp-content\/uploads\/2024\/05\/bico-schlafberatung-showroom-spezialisten-1404x1404-1-aspect-ratio-1404-1404-1024x1024.webp 1024w, https:\/\/bico.ch\/wp-content\/uploads\/2024\/05\/bico-schlafberatung-showroom-spezialisten-1404x1404-1-aspect-ratio-1404-1404-300x300.webp 300w, https:\/\/bico.ch\/wp-content\/uploads\/2024\/05\/bico-schlafberatung-showroom-spezialisten-1404x1404-1-aspect-ratio-1404-1404-150x150.webp 150w, https:\/\/bico.ch\/wp-content\/uploads\/2024\/05\/bico-schlafberatung-showroom-spezialisten-1404x1404-1-aspect-ratio-1404-1404-768x768.webp 768w, https:\/\/bico.ch\/wp-content\/uploads\/2024\/05\/bico-schlafberatung-showroom-spezialisten-1404x1404-1-aspect-ratio-1404-1404-600x600.webp 600w, https:\/\/bico.ch\/wp-content\/uploads\/2024\/05\/bico-schlafberatung-showroom-spezialisten-1404x1404-1-aspect-ratio-1404-1404-100x100.webp 100w, https:\/\/bico.ch\/wp-content\/uploads\/2024\/05\/bico-schlafberatung-showroom-spezialisten-1404x1404-1-aspect-ratio-1404-1404-50x50.webp 50w, https:\/\/bico.ch\/wp-content\/uploads\/2024\/05\/bico-schlafberatung-showroom-spezialisten-1404x1404-1-aspect-ratio-1404-1404.webp 1404w\"                     sizes=\"auto, (max-width: 768px) 100vw, (max-width: 992px) 50vw, 600px\"\n                    width=\"1404\"\n                    height=\"1404\"\n                    alt=\"\"\n                    loading=\"lazy\"\n                    decoding=\"async\">\n                <\/picture>\n                                        <\/div>\n                  <\/div>\n      \n\n      \n\n    <\/div>\n  <\/div>\n<\/div>\n\n\n<div id=\"bild-text-block_924b81a6b23b17183d1e6ca6c0ae2f2a\" class=\"bild-text \n mt-big  mb-big  variante-1 mobile-column\">\n\n  \n\n\n\n  <div class=\"container\">\n    <div class=\"row element-row align-items-center align-items-lg-center flip\">\n\n              <div class=\"col-xl-1\"><\/div>\n      \n      <div class=\"text-column col-md-8 col-lg-5 col-lg-5 offset-lg-0 offset-xl-1 col-xl-4\n              \">\n\n                  <h3 class=\"h5 lead\">Satisfaction totale<\/h3>\n                          <h2  class=\"h2 large \">Nous tenons \u00e0 l\u2019excellence de la qualit\u00e9<\/h2>\n                          <div class=\"wysiwyg text\"><p>M\u00eame apr\u00e8s avoir choisi votre produit, nous restons \u00e0 vos c\u00f4t\u00e9s. Vous pouvez revenir vers nos showrooms \u00e0 tout moment; nous serons heureux de vous assister ou de vous fournir des astuces et des conseils suppl\u00e9mentaires. La satisfaction de la client\u00e8le est tr\u00e8s importante \u00e0 nos yeux et nous voulons \u00eatre s\u00fbrs que votre achat vous comble.<\/p>\n<\/div>\n        \n        \n\n                  <div class=\"btn-wrapper\">\n                                          <div>\n                  <a class=\"btn btn-primary\" href=\"#rdv\" target=\"_self\">\n                    Prendre rendez-vous en ligne maintenant                  <\/a>\n                <\/div>\n                                    <\/div>\n        \n        \n\n\n      <\/div>\n\n              <div class=\"col-lg-1 d-xl-none\"><\/div>\n      \n              <div class=\"image-column  col-lg-6 col-xl-5 \">\n                      <div class=\"img-wrapper\">\n                                              <picture>\n                                      <source\n                      media=\"(min-width: 768px) and (max-width: 991px)\"\n                      srcset=\"https:\/\/bico.ch\/wp-content\/uploads\/2025\/01\/bico-image-schlafberatung-qualitaet-wide-aspect-ratio-1340-892-1024x682.webp 1024w, https:\/\/bico.ch\/wp-content\/uploads\/2025\/01\/bico-image-schlafberatung-qualitaet-wide-aspect-ratio-1340-892-300x200.webp 300w, https:\/\/bico.ch\/wp-content\/uploads\/2025\/01\/bico-image-schlafberatung-qualitaet-wide-aspect-ratio-1340-892-768x511.webp 768w, https:\/\/bico.ch\/wp-content\/uploads\/2025\/01\/bico-image-schlafberatung-qualitaet-wide-aspect-ratio-1340-892-600x399.webp 600w, https:\/\/bico.ch\/wp-content\/uploads\/2025\/01\/bico-image-schlafberatung-qualitaet-wide-aspect-ratio-1340-892.webp 1340w\"\n                      sizes=\"100vw\">\n                                    <img class=\"img-fluid\"\n                    src=\"https:\/\/bico.ch\/wp-content\/uploads\/2025\/01\/bico-image-schlafberatung-qualitaet-aspect-ratio-1404-1404.webp\"\n                    srcset=\"https:\/\/bico.ch\/wp-content\/uploads\/2025\/01\/bico-image-schlafberatung-qualitaet-aspect-ratio-1404-1404-1024x1024.webp 1024w, https:\/\/bico.ch\/wp-content\/uploads\/2025\/01\/bico-image-schlafberatung-qualitaet-aspect-ratio-1404-1404-300x300.webp 300w, https:\/\/bico.ch\/wp-content\/uploads\/2025\/01\/bico-image-schlafberatung-qualitaet-aspect-ratio-1404-1404-150x150.webp 150w, https:\/\/bico.ch\/wp-content\/uploads\/2025\/01\/bico-image-schlafberatung-qualitaet-aspect-ratio-1404-1404-768x768.webp 768w, https:\/\/bico.ch\/wp-content\/uploads\/2025\/01\/bico-image-schlafberatung-qualitaet-aspect-ratio-1404-1404-600x600.webp 600w, https:\/\/bico.ch\/wp-content\/uploads\/2025\/01\/bico-image-schlafberatung-qualitaet-aspect-ratio-1404-1404-100x100.webp 100w, https:\/\/bico.ch\/wp-content\/uploads\/2025\/01\/bico-image-schlafberatung-qualitaet-aspect-ratio-1404-1404-50x50.webp 50w, https:\/\/bico.ch\/wp-content\/uploads\/2025\/01\/bico-image-schlafberatung-qualitaet-aspect-ratio-1404-1404.webp 1404w\"                     sizes=\"auto, (max-width: 768px) 100vw, (max-width: 992px) 50vw, 600px\"\n                    width=\"1404\"\n                    height=\"1404\"\n                    alt=\"\"\n                    loading=\"lazy\"\n                    decoding=\"async\">\n                <\/picture>\n                                        <\/div>\n                  <\/div>\n      \n\n      \n\n    <\/div>\n  <\/div>\n<\/div>\n\n\n<div id=\"labels-block_0778f2aeae153bae6e88c907d39ddb50\" class=\"labels \n mt-medium mb-medium variante-1\">\n  <div class=\"container-lg\">\n    <div class=\"row justify-content-center\">\n      <div class=\"col-xl-10 col-xxl-8\">\n\n                  <h2 class=\"h2 large\">Une qualit\u00e9 exceptionnelle<\/h2>\n        \n                              <div class=\"swiper labels-wrapper\">\n              <div class=\"swiper-wrapper\">\n                                  <div class=\"swiper-slide\">\n                    <div class=\"label-item\">\n                                              <div class=\"label-image\">\n                          <img decoding=\"async\" class=\"img-fluid\" src=\"https:\/\/bico.ch\/wp-content\/uploads\/2023\/02\/swiss-made-logo-aspect-ratio-100-100-2.webp\" alt=\"\" loading=\"lazy\" \/>\n                        <\/div>\n                                                                    <div class=\"label-body\">\n                                                      <h5 class=\"h5 mb-1\">Swiss made<\/h5>\n                                                                            <\/div>\n                                          <\/div>\n                  <\/div>\n                                  <div class=\"swiper-slide\">\n                    <div class=\"label-item\">\n                                              <div class=\"label-image\">\n                          <img decoding=\"async\" class=\"img-fluid\" src=\"https:\/\/bico.ch\/wp-content\/uploads\/2025\/03\/bico-label-aeh-quality-approved-107x107px-farbig-2025.webp\" alt=\"AEH\" loading=\"lazy\" \/>\n                        <\/div>\n                                                                    <div class=\"label-body\">\n                                                      <h5 class=\"h5 mb-1\">Certifi\u00e9 AEH<\/h5>\n                                                                            <\/div>\n                                          <\/div>\n                  <\/div>\n                                  <div class=\"swiper-slide\">\n                    <div class=\"label-item\">\n                                              <div class=\"label-image\">\n                          <img decoding=\"async\" class=\"img-fluid\" src=\"https:\/\/bico.ch\/wp-content\/uploads\/2023\/02\/bico-label_nachhaltigkeit-gruen-1-aspect-ratio-100-100.webp\" alt=\"\" loading=\"lazy\" \/>\n                        <\/div>\n                                                                    <div class=\"label-body\">\n                                                      <h5 class=\"h5 mb-1\">Durabilit\u00e9<\/h5>\n                                                                            <\/div>\n                                          <\/div>\n                  <\/div>\n                              <\/div>\n              <div class=\"swiper-pagination pagination-static\"><\/div>\n            <\/div>\n                  \n      <\/div>\n    <\/div>\n  <\/div>\n<\/div>\n\n\n<div id=\"kundenbewertungen-cms-block_a808284799953116937b57b024e87059\" class=\"bg-glacier py-medium-big kundenbewertungen-cms \n\">\n\n  <div class=\"container\">\n\n          <h2 class=\"h2 large text-center\">\u00c9valuations de clients showroom Berne<\/h2>\n    \n    \n      <div class=\"swiper\">\n        <div class=\"swiper-wrapper\">\n\n          \n\n            <div class=\"swiper-slide reviews-overview\">\n              <div class=\"rating-body\">\n                <div class=\"rating rating-total\">\n                  <div class=\"rating-value rating-value-total h1 h1-big\">5<\/div>\n                  <div class=\"rating-stars rating-stars-total\">\n\n                    <i class=\"fa-kit fa-star-icon-filled\"><\/i><i class=\"fa-kit fa-star-icon-filled\"><\/i><i class=\"fa-kit fa-star-icon-filled\"><\/i><i class=\"fa-kit fa-star-icon-filled\"><\/i><i class=\"fa-kit fa-star-icon-filled\"><\/i>                  <\/div>\n                <\/div>\n                <div class=\"rating-reviews-total text-center text-light text-small\">120 avis<\/div>\n              <\/div>\n              <div class=\"review-footer\">\n                <div class=\"google-icon-wrapper\" target=\"_blank\" rel=\"noopener\">\n                  <img decoding=\"async\" class=\"img-fluid\" src=\"https:\/\/bico.ch\/wp-content\/themes\/bico\/assets\/img\/google_small_icon_colored.png\" loading=\"lazy\">\n                <\/div>\n                <div class=\"review-meta d-flex flex-column\">\n                  <div class=\"review-store-title label\">\n                    BICO Showroom Berne                  <\/div>\n                                      <a href=\"https:\/\/maps.google.com\/?cid=2302371361058208385\" target=\"_blank\" class=\"link-text-light text-small\">\n                      Tous les avis                    <\/a>\n                                  <\/div>\n              <\/div>\n            <\/div>\n\n                                          <div class=\"swiper-slide review-item has-readmore\" data-text=\"Mit sehr kompetentem Fachwissen hat Herr Schneider meine Partnerin und mich durch das ganze Sortiment begleitet.&lt;br \/&gt;\r\nWir f\u00fchlten und im Showroom sehr wilkommen und gesch\u00e4tzt. Man merkte direkt dass uns hier nichts untergejubelt wird sondern uns mit bestem Wissen und Gewissen die verschidenen Produkte vorgestellt werden.&lt;br \/&gt;\r\nWir bedanken und beim BICO Showroom Team Bern f\u00fcr die super Beratung und freuen uns auf das Eintreffen der neuen Matratzen!\" data-rating=\"5\" data-author=\"U. Mani\">\n                  <div class=\"review-body\">\n                    <div class=\"rating\">\n                      <div class=\"rating-stars\">\n                        <i class=\"fa-kit fa-star-icon-filled\"><\/i><i class=\"fa-kit fa-star-icon-filled\"><\/i><i class=\"fa-kit fa-star-icon-filled\"><\/i><i class=\"fa-kit fa-star-icon-filled\"><\/i><i class=\"fa-kit fa-star-icon-filled\"><\/i>                      <\/div>\n                      <span class=\"rating-value text-light font-secondary\">5 de 5 \u00e9toiles<\/span>\n                    <\/div>\n                                          <div class=\"review-text readmore\">\n                        \u00abMit sehr kompetentem Fachwissen hat Herr Schneider meine Partnerin und mich durch das ganze Sortiment begleitet.<br \/>\r\nWir f\u00fchlten und im Showroom sehr wilkommen und gesch\u00e4tzt. Man merkte direkt dass uns hier nichts untergejubelt wird sondern uns mit bestem Wissen und Gewissen die verschidenen Produkte vorgestellt werden.<br \/>\r\nWir bedanken und beim BICO Showroom Team Bern f\u00fcr die super Beratung und freuen uns auf das Eintreffen der neuen Matratzen!\u00bb\n                      <\/div>\n                                      <\/div>\n                  <div class=\"review-footer\">\n                    <div class=\"review-meta\">\n                      <div class=\"review-store-title label\">\n                        BICO Showroom Berne                      <\/div>\n                      <div class=\"review-author-info text-light text-small\">\n                        <span class=\"time\">30.04.2026<\/span>\n                                                  <span class=\"author_name\">U. Mani<\/span>\n                                              <\/div>\n                    <\/div>\n                  <\/div>\n                <\/div>\n\n                              <div class=\"swiper-slide review-item has-readmore\" data-text=\"Angenehme Atmosph\u00e4re und tolle Beratung von gut geschultes Personal die das logo &quot;f\u00fcr e t\u00fcfe gsunde schlaf&quot; sehr gut repr\u00e4sentieren. Eine probeliege in Bern lohnt sich!\" data-rating=\"5\" data-author=\"Max Brechb\u00fchler\">\n                  <div class=\"review-body\">\n                    <div class=\"rating\">\n                      <div class=\"rating-stars\">\n                        <i class=\"fa-kit fa-star-icon-filled\"><\/i><i class=\"fa-kit fa-star-icon-filled\"><\/i><i class=\"fa-kit fa-star-icon-filled\"><\/i><i class=\"fa-kit fa-star-icon-filled\"><\/i><i class=\"fa-kit fa-star-icon-filled\"><\/i>                      <\/div>\n                      <span class=\"rating-value text-light font-secondary\">5 de 5 \u00e9toiles<\/span>\n                    <\/div>\n                                          <div class=\"review-text readmore\">\n                        \u00abAngenehme Atmosph\u00e4re und tolle Beratung von gut geschultes Personal die das logo \u00ab\u00a0f\u00fcr e t\u00fcfe gsunde schlaf\u00a0\u00bb sehr gut repr\u00e4sentieren. Eine probeliege in Bern lohnt sich!\u00bb\n                      <\/div>\n                                      <\/div>\n                  <div class=\"review-footer\">\n                    <div class=\"review-meta\">\n                      <div class=\"review-store-title label\">\n                        BICO Showroom Berne                      <\/div>\n                      <div class=\"review-author-info text-light text-small\">\n                        <span class=\"time\">30.04.2026<\/span>\n                                                  <span class=\"author_name\">Max Brechb\u00fchler<\/span>\n                                              <\/div>\n                    <\/div>\n                  <\/div>\n                <\/div>\n\n                              <div class=\"swiper-slide review-item has-readmore\" data-text=\"Vielen Dank f\u00fcr die super Beratung zum Thema Schlaf und Bett!\" data-rating=\"5\" data-author=\"Regula Menzi\">\n                  <div class=\"review-body\">\n                    <div class=\"rating\">\n                      <div class=\"rating-stars\">\n                        <i class=\"fa-kit fa-star-icon-filled\"><\/i><i class=\"fa-kit fa-star-icon-filled\"><\/i><i class=\"fa-kit fa-star-icon-filled\"><\/i><i class=\"fa-kit fa-star-icon-filled\"><\/i><i class=\"fa-kit fa-star-icon-filled\"><\/i>                      <\/div>\n                      <span class=\"rating-value text-light font-secondary\">5 de 5 \u00e9toiles<\/span>\n                    <\/div>\n                                          <div class=\"review-text readmore\">\n                        \u00abVielen Dank f\u00fcr die super Beratung zum Thema Schlaf und Bett!\u00bb\n                      <\/div>\n                                      <\/div>\n                  <div class=\"review-footer\">\n                    <div class=\"review-meta\">\n                      <div class=\"review-store-title label\">\n                        BICO Showroom Berne                      <\/div>\n                      <div class=\"review-author-info text-light text-small\">\n                        <span class=\"time\">30.04.2026<\/span>\n                                                  <span class=\"author_name\">Regula Menzi<\/span>\n                                              <\/div>\n                    <\/div>\n                  <\/div>\n                <\/div>\n\n                              <div class=\"swiper-slide review-item has-readmore\" data-text=\"Beste Beratung, super Produkte.\" data-rating=\"5\" data-author=\"Melanie Bucher\">\n                  <div class=\"review-body\">\n                    <div class=\"rating\">\n                      <div class=\"rating-stars\">\n                        <i class=\"fa-kit fa-star-icon-filled\"><\/i><i class=\"fa-kit fa-star-icon-filled\"><\/i><i class=\"fa-kit fa-star-icon-filled\"><\/i><i class=\"fa-kit fa-star-icon-filled\"><\/i><i class=\"fa-kit fa-star-icon-filled\"><\/i>                      <\/div>\n                      <span class=\"rating-value text-light font-secondary\">5 de 5 \u00e9toiles<\/span>\n                    <\/div>\n                                          <div class=\"review-text readmore\">\n                        \u00abBeste Beratung, super Produkte.\u00bb\n                      <\/div>\n                                      <\/div>\n                  <div class=\"review-footer\">\n                    <div class=\"review-meta\">\n                      <div class=\"review-store-title label\">\n                        BICO Showroom Berne                      <\/div>\n                      <div class=\"review-author-info text-light text-small\">\n                        <span class=\"time\">30.04.2026<\/span>\n                                                  <span class=\"author_name\">Melanie Bucher<\/span>\n                                              <\/div>\n                    <\/div>\n                  <\/div>\n                <\/div>\n\n                              <div class=\"swiper-slide review-item has-readmore\" data-text=\"Vielen Dank f\u00fcr den herzlichen Empfang und herzlichen Gl\u00fcckwunsch zu Ihrer Freundlichkeit und Professionalit\u00e4t.\" data-rating=\"5\" data-author=\"Monique Feller\">\n                  <div class=\"review-body\">\n                    <div class=\"rating\">\n                      <div class=\"rating-stars\">\n                        <i class=\"fa-kit fa-star-icon-filled\"><\/i><i class=\"fa-kit fa-star-icon-filled\"><\/i><i class=\"fa-kit fa-star-icon-filled\"><\/i><i class=\"fa-kit fa-star-icon-filled\"><\/i><i class=\"fa-kit fa-star-icon-filled\"><\/i>                      <\/div>\n                      <span class=\"rating-value text-light font-secondary\">5 de 5 \u00e9toiles<\/span>\n                    <\/div>\n                                          <div class=\"review-text readmore\">\n                        \u00abVielen Dank f\u00fcr den herzlichen Empfang und herzlichen Gl\u00fcckwunsch zu Ihrer Freundlichkeit und Professionalit\u00e4t.\u00bb\n                      <\/div>\n                                      <\/div>\n                  <div class=\"review-footer\">\n                    <div class=\"review-meta\">\n                      <div class=\"review-store-title label\">\n                        BICO Showroom Berne                      <\/div>\n                      <div class=\"review-author-info text-light text-small\">\n                        <span class=\"time\">30.04.2026<\/span>\n                                                  <span class=\"author_name\">Monique Feller<\/span>\n                                              <\/div>\n                    <\/div>\n                  <\/div>\n                <\/div>\n\n                          \n            \n\n                  <\/div>\n\n\n        <div class=\"swiper-button-wrapper\">\n          <div class=\"swiper-button-prev\"><?xml version=\"1.0\"?>\n<svg xmlns=\"http:\/\/www.w3.org\/2000\/svg\" width=\"24\" height=\"24\" viewBox=\"0 0 24 24\" fill=\"none\" class=\"icon icon_arrow_left-icon \" aria-labelledby=\"retour-icon\" role=\"img\">\n<g clip-path=\"url(#clip0_11139_13198)\">\n<path d=\"M11 18.9999L4 11.9999L11 4.99992\" stroke=\"#0F1531\"\/>\n<path d=\"M4 12L21.25 12\" stroke=\"#0F1531\"\/>\n<\/g>\n<defs>\n<clipPath id=\"clip0_11139_13198\">\n<rect width=\"24\" height=\"24\" rx=\"12\" transform=\"matrix(-1 0 0 1 24 0)\" fill=\"white\"\/>\n<\/clipPath>\n<\/defs>\n<title id=\"retour-icon\">Retour<\/title><\/svg>\n<\/div>\n          <div class=\"swiper-button-next\"><?xml version=\"1.0\"?>\n<svg xmlns=\"http:\/\/www.w3.org\/2000\/svg\" width=\"24\" height=\"24\" viewBox=\"0 0 24 24\" fill=\"none\" class=\"icon icon_arrow_right-icon \" aria-labelledby=\"continuer-icon\" role=\"img\">\n<path d=\"M13 18.9999L20 11.9999L13 4.99992\" stroke=\"#0F1531\"\/>\n<path d=\"M20 12L2.75 12\" stroke=\"#0F1531\"\/>\n<title id=\"continuer-icon\">Continuer<\/title><\/svg>\n<\/div>\n        <\/div>\n\n      <\/div>\n    \n  <\/div>\n\n  <div class=\"modal fade custom-review-modal\" id=\"clientReviewModal\" tabindex=\"-1\" aria-labelledby=\"clientReviewModal\" aria-hidden=\"true\">\n    <div class=\"modal-dialog modal-lg modal-dialog-centered\">\n      <div class=\"modal-content\">\n        <div class=\"modal-header\">\n          <div class=\"rating mb-3\">\n            <div class=\"rating-stars\">\n            <\/div>\n            <span class=\"text-light font-secondary\"><span class=\"rating-value\"><\/span> de 5 \u00e9toiles<\/span>\n          <\/div>\n          <h4 class=\"modal-title\">\n\n            <div class=\"author-name\"><\/div>\n          <\/h4>\n          <button type=\"button\" class=\"btn-close\" data-bs-dismiss=\"modal\" aria-label=\"Close\">\n          <?xml version=\"1.0\"?>\n<svg xmlns=\"http:\/\/www.w3.org\/2000\/svg\" width=\"24\" height=\"24\" viewBox=\"0 0 24 24\" fill=\"none\" class=\"icon icon-close-large-icon img-fluid\" aria-labelledby=\"schliessen-icon\" role=\"img\">\n<path d=\"M23 1.00391L1 23.0039\" stroke=\"#0F1531\"\/>\n<path d=\"M23 23.0039L1 1.00391\" stroke=\"#0F1531\"\/>\n<title id=\"schliessen-icon\">schliessen<\/title><\/svg>\n \n          <\/button>\n        <\/div>\n        <div class=\"modal-body review-text\">\n        <\/div>\n      <\/div>\n    <\/div>\n  <\/div>\n\n<\/div>\n\n\n<div id=\"teaser-icon-text-block_6c8dd7deed4aa91ec81bee49e394dead\" class=\"teaser-icon-text \n  bg-glacier\">\n  <div class=\"container\">\n\n          <div class=\"row\">\n        <div class=\"offset-lg-3 col-lg-6\">\n          <h2 class=\"h2 large text-center\">Autres th\u00e8mes<\/h2>\n        <\/div>\n      <\/div>\n    \n    <div class=\"row justify-content-center\">\n      <div class=\"col-xl-10\">\n                                          <div class=\"swiper teaser-icon-text-wrapper\">\n              <div class=\"swiper-wrapper\">\n                                  <div class=\"swiper-slide\">\n                    <div class=\"teaser-icon-text-item\">\n            <div class=\"teaser-image\">\n            <img decoding=\"async\" class=\"img-fluid\" src=\"https:\/\/bico.ch\/wp-content\/uploads\/2024\/09\/pikto-map.svg\" alt=\"Storefinder\" loading=\"lazy\" \/>\n        <\/div>\n                <div class=\"teaser-body\">\n                            <div>\n                                            <h5 class=\"h4\">Revendeurs<\/h5>\n                                                                <div class=\"wysiwyg text-medium text-small\"><p>Faites-vous conseiller individuellement par le revendeur BICO de votre r\u00e9gion ou par les sp\u00e9cialistes de nos spacieux showrooms BICO.<\/p>\n<\/div>\n                                    <\/div>\n                                        <a class=\"btn btn-outline-dark\" href=\"https:\/\/bico.ch\/fr\/magasins\/\" target=\"_self\">Les revendeurs dans votre r\u00e9gion<\/a>\n                    <\/div>\n    <\/div>                  <\/div>\n                                  <div class=\"swiper-slide\">\n                    <div class=\"teaser-icon-text-item\">\n            <div class=\"teaser-image\">\n            <img decoding=\"async\" class=\"img-fluid\" src=\"https:\/\/bico.ch\/wp-content\/uploads\/2024\/09\/pikto-matratzenfinder.svg\" alt=\"Matratzenfinder\" loading=\"lazy\" \/>\n        <\/div>\n                <div class=\"teaser-body\">\n                            <div>\n                                            <h5 class=\"h4\">Guide des matelas<\/h5>\n                                                                <div class=\"wysiwyg text-medium text-small\"><p>D\u00e9terminez votre profil de sommeil en 3 minutes seulement. Nous vous donnons \u00e9galement de pr\u00e9cieux conseils pour bien choisir votre matelas. Commencez maintenant.<\/p>\n<\/div>\n                                    <\/div>\n                                        <a class=\"btn btn-outline-dark\" href=\"https:\/\/bico.ch\/fr\/guide-matelas\/\" target=\"_self\">Aller au guide des matelas<\/a>\n                    <\/div>\n    <\/div>                  <\/div>\n                                  <div class=\"swiper-slide\">\n                    <div class=\"teaser-icon-text-item\">\n            <div class=\"teaser-image\">\n            <img decoding=\"async\" class=\"img-fluid\" src=\"https:\/\/bico.ch\/wp-content\/uploads\/2024\/09\/pikto-kontakt.svg\" alt=\"Kontakt\" loading=\"lazy\" \/>\n        <\/div>\n                <div class=\"teaser-body\">\n                            <div>\n                                            <h5 class=\"h4\">Contactez-nous<\/h5>\n                                                                <div class=\"wysiwyg text-medium text-small\"><p>Nos sp\u00e9cialistes du sommeil r\u00e9pondent volontiers \u00e0 vos questions, par e-mail, par t\u00e9l\u00e9phone ou directement sur place, dans l\u2019un de nos showrooms.<\/p>\n<\/div>\n                                    <\/div>\n                                        <a class=\"btn btn-outline-dark\" href=\"https:\/\/bico.ch\/fr\/contact\/\" target=\"_self\">Nous \u00e9crire<\/a>\n                    <\/div>\n    <\/div>                  <\/div>\n                              <\/div>\n              <div class=\"swiper-button-wrapper d-lg-none\">\n                <div class=\"swiper-button-prev\"><?xml version=\"1.0\"?>\n<svg xmlns=\"http:\/\/www.w3.org\/2000\/svg\" width=\"24\" height=\"24\" viewBox=\"0 0 24 24\" fill=\"none\" class=\"icon icon_arrow_left-icon \" aria-labelledby=\"retour-icon\" role=\"img\">\n<g clip-path=\"url(#clip0_11139_13198)\">\n<path d=\"M11 18.9999L4 11.9999L11 4.99992\" stroke=\"#0F1531\"\/>\n<path d=\"M4 12L21.25 12\" stroke=\"#0F1531\"\/>\n<\/g>\n<defs>\n<clipPath id=\"clip0_11139_13198\">\n<rect width=\"24\" height=\"24\" rx=\"12\" transform=\"matrix(-1 0 0 1 24 0)\" fill=\"white\"\/>\n<\/clipPath>\n<\/defs>\n<title id=\"retour-icon\">Retour<\/title><\/svg>\n<\/div>\n                <div class=\"swiper-button-next\"><?xml version=\"1.0\"?>\n<svg xmlns=\"http:\/\/www.w3.org\/2000\/svg\" width=\"24\" height=\"24\" viewBox=\"0 0 24 24\" fill=\"none\" class=\"icon icon_arrow_right-icon \" aria-labelledby=\"continuer-icon\" role=\"img\">\n<path d=\"M13 18.9999L20 11.9999L13 4.99992\" stroke=\"#0F1531\"\/>\n<path d=\"M20 12L2.75 12\" stroke=\"#0F1531\"\/>\n<title id=\"continuer-icon\">Continuer<\/title><\/svg>\n<\/div>\n              <\/div>\n            <\/div>\n                        <\/div>\n    <\/div>\n  <\/div>\n<\/div>","protected":false},"excerpt":{"rendered":"","protected":false},"author":7,"featured_media":219601,"parent":0,"menu_order":0,"comment_status":"closed","ping_status":"closed","template":"","meta":{"_acf_changed":false,"footnotes":""},"class_list":["post-102010","page","type-page","status-publish","has-post-thumbnail","hentry"],"acf":[],"yoast_head":"<!-- This site is optimized with the Yoast SEO Premium plugin v27.4 (Yoast SEO v27.5) - https:\/\/yoast.com\/product\/yoast-seo-premium-wordpress\/ -->\n<title>Conseil en sommeil individuel dans nos showrooms | BICO<\/title>\n<meta name=\"description\" content=\"R\u00e9servez simplement votre rendez-vous personnel en ligne dans nos showrooms BICO \u00e0 Zurich, Berne, Lucerne ou \u00e0 Sch\u00e4nis (SG).\" \/>\n<meta name=\"robots\" content=\"index, follow, max-snippet:-1, max-image-preview:large, max-video-preview:-1\" \/>\n<link rel=\"canonical\" href=\"https:\/\/bico.ch\/fr\/conseil-sommeil\/\" \/>\n<meta property=\"og:locale\" content=\"fr_FR\" \/>\n<meta property=\"og:type\" content=\"article\" \/>\n<meta property=\"og:title\" content=\"Conseil en sommeil\" \/>\n<meta property=\"og:description\" content=\"R\u00e9servez simplement votre rendez-vous personnel en ligne dans nos showrooms BICO \u00e0 Zurich, Berne, Lucerne ou \u00e0 Sch\u00e4nis (SG).\" \/>\n<meta property=\"og:url\" content=\"https:\/\/bico.ch\/fr\/conseil-sommeil\/\" \/>\n<meta property=\"og:site_name\" content=\"BICO\" \/>\n<meta property=\"article:publisher\" content=\"https:\/\/www.facebook.com\/bicoswitzerland\" \/>\n<meta property=\"article:modified_time\" content=\"2026-03-24T15:15:36+00:00\" \/>\n<meta property=\"og:image\" content=\"https:\/\/bico.ch\/wp-content\/uploads\/2023\/11\/bico-schlafberatung-showroom-spezialisten-1340x892-1.jpg\" \/>\n\t<meta property=\"og:image:width\" content=\"1340\" \/>\n\t<meta property=\"og:image:height\" content=\"892\" \/>\n\t<meta property=\"og:image:type\" content=\"image\/jpeg\" \/>\n<meta name=\"twitter:label1\" content=\"Dur\u00e9e de lecture estim\u00e9e\" \/>\n\t<meta name=\"twitter:data1\" content=\"1 minute\" \/>\n<script type=\"application\/ld+json\" class=\"yoast-schema-graph\">{\"@context\":\"https:\\\/\\\/schema.org\",\"@graph\":[{\"@type\":\"WebPage\",\"@id\":\"https:\\\/\\\/bico.ch\\\/fr\\\/conseil-sommeil\\\/\",\"url\":\"https:\\\/\\\/bico.ch\\\/fr\\\/conseil-sommeil\\\/\",\"name\":\"Conseil en sommeil individuel dans nos showrooms | BICO\",\"isPartOf\":{\"@id\":\"https:\\\/\\\/bico.ch\\\/fr\\\/#website\"},\"primaryImageOfPage\":{\"@id\":\"https:\\\/\\\/bico.ch\\\/fr\\\/conseil-sommeil\\\/#primaryimage\"},\"image\":{\"@id\":\"https:\\\/\\\/bico.ch\\\/fr\\\/conseil-sommeil\\\/#primaryimage\"},\"thumbnailUrl\":\"https:\\\/\\\/bico.ch\\\/wp-content\\\/uploads\\\/2023\\\/11\\\/bico-schlafberatung-showroom-spezialisten-1340x892-1.webp\",\"datePublished\":\"2023-06-06T12:05:39+00:00\",\"dateModified\":\"2026-03-24T15:15:36+00:00\",\"description\":\"R\u00e9servez simplement votre rendez-vous personnel en ligne dans nos showrooms BICO \u00e0 Zurich, Berne, Lucerne ou \u00e0 Sch\u00e4nis (SG).\",\"breadcrumb\":{\"@id\":\"https:\\\/\\\/bico.ch\\\/fr\\\/conseil-sommeil\\\/#breadcrumb\"},\"inLanguage\":\"fr-FR\",\"potentialAction\":[{\"@type\":\"ReadAction\",\"target\":[\"https:\\\/\\\/bico.ch\\\/fr\\\/conseil-sommeil\\\/\"]}]},{\"@type\":\"ImageObject\",\"inLanguage\":\"fr-FR\",\"@id\":\"https:\\\/\\\/bico.ch\\\/fr\\\/conseil-sommeil\\\/#primaryimage\",\"url\":\"https:\\\/\\\/bico.ch\\\/wp-content\\\/uploads\\\/2023\\\/11\\\/bico-schlafberatung-showroom-spezialisten-1340x892-1.webp\",\"contentUrl\":\"https:\\\/\\\/bico.ch\\\/wp-content\\\/uploads\\\/2023\\\/11\\\/bico-schlafberatung-showroom-spezialisten-1340x892-1.webp\",\"width\":1340,\"height\":892,\"caption\":\"Lassen Sie sich von Spezialisten beraten\"},{\"@type\":\"BreadcrumbList\",\"@id\":\"https:\\\/\\\/bico.ch\\\/fr\\\/conseil-sommeil\\\/#breadcrumb\",\"itemListElement\":[{\"@type\":\"ListItem\",\"position\":1,\"name\":\"Startseite\",\"item\":\"https:\\\/\\\/bico.ch\\\/fr\\\/\"},{\"@type\":\"ListItem\",\"position\":2,\"name\":\"Conseil en sommeil\"}]},{\"@type\":\"WebSite\",\"@id\":\"https:\\\/\\\/bico.ch\\\/fr\\\/#website\",\"url\":\"https:\\\/\\\/bico.ch\\\/fr\\\/\",\"name\":\"BICO\",\"description\":\"F\u00fcr \u00e4 t\u00fc\u00fcf\u00e4 gsund\u00e4 Schlaaf.\u00ae\",\"publisher\":{\"@id\":\"https:\\\/\\\/bico.ch\\\/fr\\\/#organization\"},\"alternateName\":\"bico.ch\",\"potentialAction\":[{\"@type\":\"SearchAction\",\"target\":{\"@type\":\"EntryPoint\",\"urlTemplate\":\"https:\\\/\\\/bico.ch\\\/fr\\\/?s={search_term_string}\"},\"query-input\":{\"@type\":\"PropertyValueSpecification\",\"valueRequired\":true,\"valueName\":\"search_term_string\"}}],\"inLanguage\":\"fr-FR\"},{\"@type\":\"Organization\",\"@id\":\"https:\\\/\\\/bico.ch\\\/fr\\\/#organization\",\"name\":\"BICO\",\"url\":\"https:\\\/\\\/bico.ch\\\/fr\\\/\",\"logo\":{\"@type\":\"ImageObject\",\"inLanguage\":\"fr-FR\",\"@id\":\"https:\\\/\\\/bico.ch\\\/fr\\\/#\\\/schema\\\/logo\\\/image\\\/\",\"url\":\"https:\\\/\\\/bico.ch\\\/wp-content\\\/uploads\\\/2022\\\/11\\\/BICO_Logo_Black-e1667997604131.png\",\"contentUrl\":\"https:\\\/\\\/bico.ch\\\/wp-content\\\/uploads\\\/2022\\\/11\\\/BICO_Logo_Black-e1667997604131.png\",\"width\":2481,\"height\":1754,\"caption\":\"BICO\"},\"image\":{\"@id\":\"https:\\\/\\\/bico.ch\\\/fr\\\/#\\\/schema\\\/logo\\\/image\\\/\"},\"sameAs\":[\"https:\\\/\\\/www.facebook.com\\\/bicoswitzerland\",\"https:\\\/\\\/www.instagram.com\\\/bicoswitzerland\\\/\",\"https:\\\/\\\/www.youtube.com\\\/channel\\\/UCnyVAqYqj5XdkWKWY5CFJ3A\",\"https:\\\/\\\/www.linkedin.com\\\/showcase\\\/bicoswitzerland\\\/\"]}]}<\/script>\n<!-- \/ Yoast SEO Premium plugin. -->","yoast_head_json":{"title":"Conseil en sommeil individuel dans nos showrooms | BICO","description":"R\u00e9servez simplement votre rendez-vous personnel en ligne dans nos showrooms BICO \u00e0 Zurich, Berne, Lucerne ou \u00e0 Sch\u00e4nis (SG).","robots":{"index":"index","follow":"follow","max-snippet":"max-snippet:-1","max-image-preview":"max-image-preview:large","max-video-preview":"max-video-preview:-1"},"canonical":"https:\/\/bico.ch\/fr\/conseil-sommeil\/","og_locale":"fr_FR","og_type":"article","og_title":"Conseil en sommeil","og_description":"R\u00e9servez simplement votre rendez-vous personnel en ligne dans nos showrooms BICO \u00e0 Zurich, Berne, Lucerne ou \u00e0 Sch\u00e4nis (SG).","og_url":"https:\/\/bico.ch\/fr\/conseil-sommeil\/","og_site_name":"BICO","article_publisher":"https:\/\/www.facebook.com\/bicoswitzerland","article_modified_time":"2026-03-24T15:15:36+00:00","og_image":[{"width":1340,"height":892,"url":"https:\/\/bico.ch\/wp-content\/uploads\/2023\/11\/bico-schlafberatung-showroom-spezialisten-1340x892-1.jpg","type":"image\/jpeg"}],"twitter_misc":{"Dur\u00e9e de lecture estim\u00e9e":"1 minute"},"schema":{"@context":"https:\/\/schema.org","@graph":[{"@type":"WebPage","@id":"https:\/\/bico.ch\/fr\/conseil-sommeil\/","url":"https:\/\/bico.ch\/fr\/conseil-sommeil\/","name":"Conseil en sommeil individuel dans nos showrooms | BICO","isPartOf":{"@id":"https:\/\/bico.ch\/fr\/#website"},"primaryImageOfPage":{"@id":"https:\/\/bico.ch\/fr\/conseil-sommeil\/#primaryimage"},"image":{"@id":"https:\/\/bico.ch\/fr\/conseil-sommeil\/#primaryimage"},"thumbnailUrl":"https:\/\/bico.ch\/wp-content\/uploads\/2023\/11\/bico-schlafberatung-showroom-spezialisten-1340x892-1.webp","datePublished":"2023-06-06T12:05:39+00:00","dateModified":"2026-03-24T15:15:36+00:00","description":"R\u00e9servez simplement votre rendez-vous personnel en ligne dans nos showrooms BICO \u00e0 Zurich, Berne, Lucerne ou \u00e0 Sch\u00e4nis (SG).","breadcrumb":{"@id":"https:\/\/bico.ch\/fr\/conseil-sommeil\/#breadcrumb"},"inLanguage":"fr-FR","potentialAction":[{"@type":"ReadAction","target":["https:\/\/bico.ch\/fr\/conseil-sommeil\/"]}]},{"@type":"ImageObject","inLanguage":"fr-FR","@id":"https:\/\/bico.ch\/fr\/conseil-sommeil\/#primaryimage","url":"https:\/\/bico.ch\/wp-content\/uploads\/2023\/11\/bico-schlafberatung-showroom-spezialisten-1340x892-1.webp","contentUrl":"https:\/\/bico.ch\/wp-content\/uploads\/2023\/11\/bico-schlafberatung-showroom-spezialisten-1340x892-1.webp","width":1340,"height":892,"caption":"Lassen Sie sich von Spezialisten beraten"},{"@type":"BreadcrumbList","@id":"https:\/\/bico.ch\/fr\/conseil-sommeil\/#breadcrumb","itemListElement":[{"@type":"ListItem","position":1,"name":"Startseite","item":"https:\/\/bico.ch\/fr\/"},{"@type":"ListItem","position":2,"name":"Conseil en sommeil"}]},{"@type":"WebSite","@id":"https:\/\/bico.ch\/fr\/#website","url":"https:\/\/bico.ch\/fr\/","name":"BICO","description":"F\u00fcr \u00e4 t\u00fc\u00fcf\u00e4 gsund\u00e4 Schlaaf.\u00ae","publisher":{"@id":"https:\/\/bico.ch\/fr\/#organization"},"alternateName":"bico.ch","potentialAction":[{"@type":"SearchAction","target":{"@type":"EntryPoint","urlTemplate":"https:\/\/bico.ch\/fr\/?s={search_term_string}"},"query-input":{"@type":"PropertyValueSpecification","valueRequired":true,"valueName":"search_term_string"}}],"inLanguage":"fr-FR"},{"@type":"Organization","@id":"https:\/\/bico.ch\/fr\/#organization","name":"BICO","url":"https:\/\/bico.ch\/fr\/","logo":{"@type":"ImageObject","inLanguage":"fr-FR","@id":"https:\/\/bico.ch\/fr\/#\/schema\/logo\/image\/","url":"https:\/\/bico.ch\/wp-content\/uploads\/2022\/11\/BICO_Logo_Black-e1667997604131.png","contentUrl":"https:\/\/bico.ch\/wp-content\/uploads\/2022\/11\/BICO_Logo_Black-e1667997604131.png","width":2481,"height":1754,"caption":"BICO"},"image":{"@id":"https:\/\/bico.ch\/fr\/#\/schema\/logo\/image\/"},"sameAs":["https:\/\/www.facebook.com\/bicoswitzerland","https:\/\/www.instagram.com\/bicoswitzerland\/","https:\/\/www.youtube.com\/channel\/UCnyVAqYqj5XdkWKWY5CFJ3A","https:\/\/www.linkedin.com\/showcase\/bicoswitzerland\/"]}]}},"_links":{"self":[{"href":"https:\/\/bico.ch\/fr\/wp-json\/wp\/v2\/pages\/102010","targetHints":{"allow":["GET"]}}],"collection":[{"href":"https:\/\/bico.ch\/fr\/wp-json\/wp\/v2\/pages"}],"about":[{"href":"https:\/\/bico.ch\/fr\/wp-json\/wp\/v2\/types\/page"}],"author":[{"embeddable":true,"href":"https:\/\/bico.ch\/fr\/wp-json\/wp\/v2\/users\/7"}],"replies":[{"embeddable":true,"href":"https:\/\/bico.ch\/fr\/wp-json\/wp\/v2\/comments?post=102010"}],"version-history":[{"count":5,"href":"https:\/\/bico.ch\/fr\/wp-json\/wp\/v2\/pages\/102010\/revisions"}],"predecessor-version":[{"id":876412,"href":"https:\/\/bico.ch\/fr\/wp-json\/wp\/v2\/pages\/102010\/revisions\/876412"}],"wp:featuredmedia":[{"embeddable":true,"href":"https:\/\/bico.ch\/fr\/wp-json\/wp\/v2\/media\/219601"}],"wp:attachment":[{"href":"https:\/\/bico.ch\/fr\/wp-json\/wp\/v2\/media?parent=102010"}],"curies":[{"name":"wp","href":"https:\/\/api.w.org\/{rel}","templated":true}]}}