{"id":46200,"date":"2022-10-14T12:55:07","date_gmt":"2022-10-14T10:55:07","guid":{"rendered":"https:\/\/bico.ch\/tradition\/"},"modified":"2024-11-15T13:33:22","modified_gmt":"2024-11-15T12:33:22","slug":"tradition-suisse","status":"publish","type":"page","link":"https:\/\/bico.ch\/fr\/tradition-suisse\/","title":{"rendered":"Tradition"},"content":{"rendered":"\n<div id=\"hero-3-block_f0935e7ab44570dc2da9fdb6ca439a0b\" class=\"hero-3 \n mt-small mb-small\">\n  <div class=\"container\">\n    <div class=\"row\">\n      <div class=\"col-lg-6 px-0 pe-lg-0\">\n        <img width=\"722\" height=\"728\" src=\"https:\/\/bico.ch\/wp-content\/uploads\/2022\/10\/bico-schweizer-tradition-header-1-aspect-ratio-722-728.webp\" class=\"img-fluid w-100\" alt=\"\" loading=\"eager\" decoding=\"async\" sizes=\"(max-width: 768px) 100vw, (max-width: 992px) 50vw, 600px\" fetchpriority=\"high\" \/>      <\/div>\n      <div class=\"col-lg-6 px-0  ps-lg-0\">\n        <div class=\"bg bg-soft-grey text-column\">\n                      <nav class=\"breadcrumb d-none d-xl-flex\"><span class=\"current-page\">Page<\/span><\/nav>                    <div>\n                        <h1 class=\"small\">\n              Expertise suisse du sommeil depuis 1861            <\/h1>\n                      <\/div>\n          <div class=\"scroll-down-wrapper\">\n            <span class=\"icon-wrapper\">\n              <i class=\"fa-kit fa-icon-arrow-down-medium\"><\/i>\n            <\/span>\n            <span class=\"font-size-smaller\">En savoir plus<\/span>\n          <\/div>\n        <\/div>\n      <\/div>\n    <\/div>\n  <\/div>\n<\/div>\n\n\n<div id=\"lead-text-block_21a165aaa33c14130c8fe6765d5482d6\" class=\"lead-text \n mt-medium mb-medium\">\n      <div class=\"container\">\n      <div class=\"row\">\n        <div class=\"offset-xl-2 col-xl-8\">\n\n          \n          \n          \n                      <div class=\"wysiwyg text text-center \">\n              <p>Pionnier suisse du sommeil depuis plus de 160 ans, BICO poursuit depuis la premi\u00e8re heure un objectif clair: cr\u00e9er les conditions optimales pour un sommeil r\u00e9parateur. Fort d\u2019une vision globale sur la th\u00e9matique du sommeil alli\u00e9e \u00e0 <a href=\"https:\/\/bico.ch\/fr\/recherche-developpement\/\">d\u2019innombrables innovations<\/a>, BICO a toujours \u00e9t\u00e9 le leader suisse de ce secteur. Dans <a href=\"https:\/\/bico.ch\/fr\/recherche-developpement\/\">nos sites de production et de d\u00e9veloppement ultra-modernes<\/a>, nos experts mettent constamment au point de nouvelles solutions afin d\u2019am\u00e9liorer encore votre exp\u00e9rience de sommeil.<\/p>\n            <\/div>\n          \n        <\/div>\n      <\/div>\n    <\/div>\n  <\/div>\n\n\n<div id=\"lead-text-block_aaeff7fa45bc7461fd322d6aa51a0b58\" class=\"lead-text \n mt-medium mb-medium\">\n      <div class=\"container\">\n      <div class=\"row\">\n        <div class=\"offset-xl-2 col-xl-8\">\n\n          \n          \n          \n                      <div class=\"wysiwyg text text-center \">\n              <h2>Pour le meilleur sommeil<br \/>\nque vous ayez jamais eu.<\/h2>\n            <\/div>\n          \n        <\/div>\n      <\/div>\n    <\/div>\n  <\/div>\n\n\n<div id=\"timeline-block_b2e7f823f905cf0da99ff34bf89b4baa\" class=\"timeline \n mt-medium mb-medium\">\n\n      <div class=\"container\">\n\n      \n      <div class=\"row justify-content-center\">\n        <div class=\"col-md-8 col-lg-12\">\n                                              <div class=\"timeline-item-wrapper landscape-image\">\n                <div class=\"overlay-year-wrapper d-none d-lg-flex\">\n                  <span class=\"overlay-year text-center text-500 font-secondary\">1861<\/span>\n                <\/div>\n                <div class=\"row\">\n                  <div class=\"image-column col-lg-5 \">\n                    <div class=\"img-wrapper\">\n                      <img decoding=\"async\" class=\"img-fluid d-none d-md-block\" src=\"https:\/\/bico.ch\/wp-content\/uploads\/2022\/10\/bico-tradition-1861-1-1-aspect-ratio-580-440-1.webp\" alt=\"\" loading=\"lazy\">\n                      <img decoding=\"async\" class=\"img-fluid d-md-none\" src=\"https:\/\/bico.ch\/wp-content\/uploads\/2022\/10\/bico-tradition-1861-1-1-aspect-ratio-535-405-1.webp\" alt=\"\" loading=\"lazy\">\n                      <div class=\"overlay-year-wrapper d-lg-none\">\n                        <span class=\"overlay-year text-center text-500 font-secondary\">1861<\/span>\n                      <\/div>\n                    <\/div>\n                  <\/div>\n                  <div class=\"text-column col-lg-4 offset-lg-2\">\n                    <div class=\"wysiwyg text-light \">\n                      <p>Fondation de la soci\u00e9t\u00e9 Birchler &amp; Co. \u00e0 Reichenburg. Production de ouate de rembourrage et de laine vierge de mouton pour matelas.<\/p>\n                    <\/div>\n                  <\/div>\n                <\/div>\n              <\/div>\n                                                              <div class=\"timeline-item-wrapper landscape-image\">\n                <div class=\"overlay-year-wrapper d-none d-lg-flex\">\n                  <span class=\"overlay-year text-center text-500 font-secondary\">1927<\/span>\n                <\/div>\n                <div class=\"row\">\n                  <div class=\"image-column col-lg-5 offset-lg-2 order-lg-2\">\n                    <div class=\"img-wrapper\">\n                      <img decoding=\"async\" class=\"img-fluid d-none d-md-block\" src=\"https:\/\/bico.ch\/wp-content\/uploads\/2022\/10\/bico-tradition-1927-aspect-ratio-580-440.webp\" alt=\"\" loading=\"lazy\">\n                      <img decoding=\"async\" class=\"img-fluid d-md-none\" src=\"https:\/\/bico.ch\/wp-content\/uploads\/2022\/10\/bico-tradition-1927-aspect-ratio-535-405.webp\" alt=\"\" loading=\"lazy\">\n                      <div class=\"overlay-year-wrapper d-lg-none\">\n                        <span class=\"overlay-year text-center text-500 font-secondary\">1927<\/span>\n                      <\/div>\n                    <\/div>\n                  <\/div>\n                  <div class=\"text-column col-lg-4 offset-lg-1 order-lg-1\">\n                    <div class=\"wysiwyg text-light text-lg-end\">\n                      <p>Mise en service de la premi\u00e8re machine \u00e0 kapok en Suisse. Le kapok \u00e9tait utilis\u00e9 comme mat\u00e9riau de remplissage pour matelas \u00e0 la fois de qualit\u00e9 et abordable.<\/p>\n                    <\/div>\n                  <\/div>\n                <\/div>\n              <\/div>\n                                                              <div class=\"timeline-item-wrapper landscape-image\">\n                <div class=\"overlay-year-wrapper d-none d-lg-flex\">\n                  <span class=\"overlay-year text-center text-500 font-secondary\">1961<\/span>\n                <\/div>\n                <div class=\"row\">\n                  <div class=\"image-column col-lg-5 \">\n                    <div class=\"img-wrapper\">\n                      <img decoding=\"async\" class=\"img-fluid d-none d-md-block\" src=\"https:\/\/bico.ch\/wp-content\/uploads\/2022\/10\/bico-tradition-1961-aspect-ratio-580-440.webp\" alt=\"\" loading=\"lazy\">\n                      <img decoding=\"async\" class=\"img-fluid d-md-none\" src=\"https:\/\/bico.ch\/wp-content\/uploads\/2022\/10\/bico-tradition-1961-aspect-ratio-535-405.webp\" alt=\"\" loading=\"lazy\">\n                      <div class=\"overlay-year-wrapper d-lg-none\">\n                        <span class=\"overlay-year text-center text-500 font-secondary\">1961<\/span>\n                      <\/div>\n                    <\/div>\n                  <\/div>\n                  <div class=\"text-column col-lg-4 offset-lg-2\">\n                    <div class=\"wysiwyg text-light \">\n                      <p>Construction de la premi\u00e8re usine de fabrication de matelas de la marque \u00e0 Reichenburg.<\/p>\n                    <\/div>\n                  <\/div>\n                <\/div>\n              <\/div>\n                                                              <div class=\"timeline-item-wrapper landscape-image\">\n                <div class=\"overlay-year-wrapper d-none d-lg-flex\">\n                  <span class=\"overlay-year text-center text-500 font-secondary\">1962<\/span>\n                <\/div>\n                <div class=\"row\">\n                  <div class=\"image-column col-lg-5 offset-lg-2 order-lg-2\">\n                    <div class=\"img-wrapper\">\n                      <img decoding=\"async\" class=\"img-fluid d-none d-md-block\" src=\"https:\/\/bico.ch\/wp-content\/uploads\/2022\/10\/bico-tradition-1962-new-aspect-ratio-580-440.webp\" alt=\"1962 Bico Isabelle Werbung\" loading=\"lazy\">\n                      <img decoding=\"async\" class=\"img-fluid d-md-none\" src=\"https:\/\/bico.ch\/wp-content\/uploads\/2022\/10\/bico-tradition-1962-new-aspect-ratio-535-405.webp\" alt=\"1962 Bico Isabelle Werbung\" loading=\"lazy\">\n                      <div class=\"overlay-year-wrapper d-lg-none\">\n                        <span class=\"overlay-year text-center text-500 font-secondary\">1962<\/span>\n                      <\/div>\n                    <\/div>\n                  <\/div>\n                  <div class=\"text-column col-lg-4 offset-lg-1 order-lg-1\">\n                    <div class=\"wysiwyg text-light text-lg-end\">\n                      <p>Lancement dans toute la Suisse des premiers matelas en mousse sans ressorts en acier \u2013 <a href=\"https:\/\/bico.ch\/fr\/boutique\/?jsf=woocommerce-shortcode&amp;tax=product_brand_taxonomy:42\">\u00abIsabelle\u00bb<\/a>.<\/p>\n                    <\/div>\n                  <\/div>\n                <\/div>\n              <\/div>\n                                                              <div class=\"timeline-item-wrapper landscape-image\">\n                <div class=\"overlay-year-wrapper d-none d-lg-flex\">\n                  <span class=\"overlay-year text-center text-500 font-secondary\">1972<\/span>\n                <\/div>\n                <div class=\"row\">\n                  <div class=\"image-column col-lg-5 \">\n                    <div class=\"img-wrapper\">\n                      <img decoding=\"async\" class=\"img-fluid d-none d-md-block\" src=\"https:\/\/bico.ch\/wp-content\/uploads\/2022\/10\/bico-tradition-1972-new-aspect-ratio-580-440.webp\" alt=\"\" loading=\"lazy\">\n                      <img decoding=\"async\" class=\"img-fluid d-md-none\" src=\"https:\/\/bico.ch\/wp-content\/uploads\/2022\/10\/bico-tradition-1972-new-aspect-ratio-535-405.webp\" alt=\"\" loading=\"lazy\">\n                      <div class=\"overlay-year-wrapper d-lg-none\">\n                        <span class=\"overlay-year text-center text-500 font-secondary\">1972<\/span>\n                      <\/div>\n                    <\/div>\n                  <\/div>\n                  <div class=\"text-column col-lg-4 offset-lg-2\">\n                    <div class=\"wysiwyg text-light \">\n                      <p>Introduction du sommier innovant <a href=\"https:\/\/bico.ch\/fr\/categorie-produits\/sommiers\/?jsf=woocommerce-shortcode&amp;tax=product_brand_taxonomy:40\">bico-flex\u00ae<\/a>, le grand classique parmi les sommiers, constamment d\u00e9velopp\u00e9 depuis.<\/p>\n                    <\/div>\n                  <\/div>\n                <\/div>\n              <\/div>\n                                                              <div class=\"timeline-item-wrapper landscape-image\">\n                <div class=\"overlay-year-wrapper d-none d-lg-flex\">\n                  <span class=\"overlay-year text-center text-500 font-secondary\">1973<\/span>\n                <\/div>\n                <div class=\"row\">\n                  <div class=\"image-column col-lg-5 offset-lg-2 order-lg-2\">\n                    <div class=\"img-wrapper\">\n                      <img decoding=\"async\" class=\"img-fluid d-none d-md-block\" src=\"https:\/\/bico.ch\/wp-content\/uploads\/2022\/10\/bico-tradition-1973-new-aspect-ratio-580-440.webp\" alt=\"\" loading=\"lazy\">\n                      <img decoding=\"async\" class=\"img-fluid d-md-none\" src=\"https:\/\/bico.ch\/wp-content\/uploads\/2022\/10\/bico-tradition-1973-new-aspect-ratio-535-405.webp\" alt=\"\" loading=\"lazy\">\n                      <div class=\"overlay-year-wrapper d-lg-none\">\n                        <span class=\"overlay-year text-center text-500 font-secondary\">1973<\/span>\n                      <\/div>\n                    <\/div>\n                  <\/div>\n                  <div class=\"text-column col-lg-4 offset-lg-1 order-lg-1\">\n                    <div class=\"wysiwyg text-light text-lg-end\">\n                      <p>Lancement de la campagne t\u00e9l\u00e9vis\u00e9e avec les jumeaux M\u00fcller originaires de N\u00e4fels. Cette campagne l\u00e9gendaire a marqu\u00e9 l\u2019histoire de <a href=\"https:\/\/bico.ch\/fr\/nos-marques\/\">la marque<\/a> durant 18 ans et rendu BICO c\u00e9l\u00e8bre.<\/p>\n                    <\/div>\n                  <\/div>\n                <\/div>\n              <\/div>\n                                                              <div class=\"timeline-item-wrapper landscape-image\">\n                <div class=\"overlay-year-wrapper d-none d-lg-flex\">\n                  <span class=\"overlay-year text-center text-500 font-secondary\">2003<\/span>\n                <\/div>\n                <div class=\"row\">\n                  <div class=\"image-column col-lg-5 \">\n                    <div class=\"img-wrapper\">\n                      <img decoding=\"async\" class=\"img-fluid d-none d-md-block\" src=\"https:\/\/bico.ch\/wp-content\/uploads\/2022\/10\/bico-tradition-2003-new-aspect-ratio-580-440.webp\" alt=\"\" loading=\"lazy\">\n                      <img decoding=\"async\" class=\"img-fluid d-md-none\" src=\"https:\/\/bico.ch\/wp-content\/uploads\/2022\/10\/bico-tradition-2003-new-aspect-ratio-535-405.webp\" alt=\"Bico Tradition 2003 new aspect ratio 535-405 ClimaLuxe\" loading=\"lazy\">\n                      <div class=\"overlay-year-wrapper d-lg-none\">\n                        <span class=\"overlay-year text-center text-500 font-secondary\">2003<\/span>\n                      <\/div>\n                    <\/div>\n                  <\/div>\n                  <div class=\"text-column col-lg-4 offset-lg-2\">\n                    <div class=\"wysiwyg text-light \">\n                      <p>Lancement des <a href=\"https:\/\/bico.ch\/fr\/produit\/matelas-climaluxe\/\">matelas ClimaLuxe<\/a>; un syst\u00e8me constitu\u00e9 d\u2019\u00e9l\u00e9ments de ressort innovants en mati\u00e8re synth\u00e9tique qui aujourd\u2019hui encore offre un confort in\u00e9gal\u00e9.<\/p>\n                    <\/div>\n                  <\/div>\n                <\/div>\n              <\/div>\n                                                              <div class=\"timeline-item-wrapper landscape-image\">\n                <div class=\"overlay-year-wrapper d-none d-lg-flex\">\n                  <span class=\"overlay-year text-center text-500 font-secondary\">2014<\/span>\n                <\/div>\n                <div class=\"row\">\n                  <div class=\"image-column col-lg-5 offset-lg-2 order-lg-2\">\n                    <div class=\"img-wrapper\">\n                      <img decoding=\"async\" class=\"img-fluid d-none d-md-block\" src=\"https:\/\/bico.ch\/wp-content\/uploads\/2022\/10\/bico-tradition-2014-aspect-ratio-580-440.webp\" alt=\"\" loading=\"lazy\">\n                      <img decoding=\"async\" class=\"img-fluid d-md-none\" src=\"https:\/\/bico.ch\/wp-content\/uploads\/2022\/10\/bico-tradition-2014-aspect-ratio-535-405.webp\" alt=\"\" loading=\"lazy\">\n                      <div class=\"overlay-year-wrapper d-lg-none\">\n                        <span class=\"overlay-year text-center text-500 font-secondary\">2014<\/span>\n                      <\/div>\n                    <\/div>\n                  <\/div>\n                  <div class=\"text-column col-lg-4 offset-lg-1 order-lg-1\">\n                    <div class=\"wysiwyg text-light text-lg-end\">\n                      <p>Inauguration du <a href=\"https:\/\/bico.ch\/fr\/recherche-developpement\/\">SleepLab<\/a>, institut de test des produits et mat\u00e9riaux, unique en son genre.<\/p>\n                    <\/div>\n                  <\/div>\n                <\/div>\n              <\/div>\n                                                              <div class=\"timeline-item-wrapper landscape-image\">\n                <div class=\"overlay-year-wrapper d-none d-lg-flex\">\n                  <span class=\"overlay-year text-center text-500 font-secondary\">2018<\/span>\n                <\/div>\n                <div class=\"row\">\n                  <div class=\"image-column col-lg-5 \">\n                    <div class=\"img-wrapper\">\n                      <img decoding=\"async\" class=\"img-fluid d-none d-md-block\" src=\"https:\/\/bico.ch\/wp-content\/uploads\/2022\/10\/01-bico-boxspringbett-classic-simplon-stich-3-aspect-ratio-580-440.webp\" alt=\"\" loading=\"lazy\">\n                      <img decoding=\"async\" class=\"img-fluid d-md-none\" src=\"https:\/\/bico.ch\/wp-content\/uploads\/2022\/10\/01-bico-boxspringbett-classic-simplon-stich-3-aspect-ratio-535-405.webp\" alt=\"\" loading=\"lazy\">\n                      <div class=\"overlay-year-wrapper d-lg-none\">\n                        <span class=\"overlay-year text-center text-500 font-secondary\">2018<\/span>\n                      <\/div>\n                    <\/div>\n                  <\/div>\n                  <div class=\"text-column col-lg-4 offset-lg-2\">\n                    <div class=\"wysiwyg text-light \">\n                      <p>\u00c9largissement de la gamme. Lancement de <a href=\"https:\/\/bico.ch\/fr\/categorie-produits\/lits-boxspring\/\">la nouvelle collection de lits boxspring<\/a> alliant les comp\u00e9tences de BICO en mati\u00e8re de lits et un design prim\u00e9, le tout produit \u00e0 Sch\u00e4nis.<\/p>\n                    <\/div>\n                  <\/div>\n                <\/div>\n              <\/div>\n                                                              <div class=\"timeline-item-wrapper landscape-image\">\n                <div class=\"overlay-year-wrapper d-none d-lg-flex\">\n                  <span class=\"overlay-year text-center text-500 font-secondary\">2019<\/span>\n                <\/div>\n                <div class=\"row\">\n                  <div class=\"image-column col-lg-5 offset-lg-2 order-lg-2\">\n                    <div class=\"img-wrapper\">\n                      <img decoding=\"async\" class=\"img-fluid d-none d-md-block\" src=\"https:\/\/bico.ch\/wp-content\/uploads\/2022\/10\/bico-tradition-2019-aspect-ratio-580-440.webp\" alt=\"\" loading=\"lazy\">\n                      <img decoding=\"async\" class=\"img-fluid d-md-none\" src=\"https:\/\/bico.ch\/wp-content\/uploads\/2022\/10\/bico-tradition-2019-aspect-ratio-535-405.webp\" alt=\"\" loading=\"lazy\">\n                      <div class=\"overlay-year-wrapper d-lg-none\">\n                        <span class=\"overlay-year text-center text-500 font-secondary\">2019<\/span>\n                      <\/div>\n                    <\/div>\n                  <\/div>\n                  <div class=\"text-column col-lg-4 offset-lg-1 order-lg-1\">\n                    <div class=\"wysiwyg text-light text-lg-end\">\n                      <p>Ouverture du premier showroom \u00e0 Sch\u00e4nis qui permet de d\u00e9couvrir l\u2019int\u00e9gralit\u00e9 de l\u2019assortiment BICO sur le site m\u00eame du si\u00e8ge de la marque.<\/p>\n                    <\/div>\n                  <\/div>\n                <\/div>\n              <\/div>\n                                                              <div class=\"timeline-item-wrapper landscape-image\">\n                <div class=\"overlay-year-wrapper d-none d-lg-flex\">\n                  <span class=\"overlay-year text-center text-500 font-secondary\">2020<\/span>\n                <\/div>\n                <div class=\"row\">\n                  <div class=\"image-column col-lg-5 \">\n                    <div class=\"img-wrapper\">\n                      <img decoding=\"async\" class=\"img-fluid d-none d-md-block\" src=\"https:\/\/bico.ch\/wp-content\/uploads\/2022\/10\/bico-tradition-2020-new-aspect-ratio-580-440-e1666864859537.webp\" alt=\"\" loading=\"lazy\">\n                      <img decoding=\"async\" class=\"img-fluid d-md-none\" src=\"https:\/\/bico.ch\/wp-content\/uploads\/2022\/10\/bico-tradition-2020-new-aspect-ratio-535-405-e1666864843368.webp\" alt=\"\" loading=\"lazy\">\n                      <div class=\"overlay-year-wrapper d-lg-none\">\n                        <span class=\"overlay-year text-center text-500 font-secondary\">2020<\/span>\n                      <\/div>\n                    <\/div>\n                  <\/div>\n                  <div class=\"text-column col-lg-4 offset-lg-2\">\n                    <div class=\"wysiwyg text-light \">\n                      <p><a href=\"https:\/\/bico.ch\/fr\/nos-marques\/\">Isabelle<\/a>, le grand classique parmi les matelas, appr\u00e9ci\u00e9 de toutes et de tous, donne son nom \u00e0 <a href=\"https:\/\/bico.ch\/fr\/categorie-produits\/matelas-et-surmatelas\/?jsf=woocommerce-shortcode&amp;tax=product_brand_taxonomy:42\">une nouvelle gamme de matelas<\/a>. Avec comme toujours, des exigences maximales en termes d\u2019ergonomie et de confort.<\/p>\n                    <\/div>\n                  <\/div>\n                <\/div>\n              <\/div>\n                                                              <div class=\"timeline-item-wrapper landscape-image\">\n                <div class=\"overlay-year-wrapper d-none d-lg-flex\">\n                  <span class=\"overlay-year text-center text-500 font-secondary\">2021<\/span>\n                <\/div>\n                <div class=\"row\">\n                  <div class=\"image-column col-lg-5 offset-lg-2 order-lg-2\">\n                    <div class=\"img-wrapper\">\n                      <img decoding=\"async\" class=\"img-fluid d-none d-md-block\" src=\"https:\/\/bico.ch\/wp-content\/uploads\/2022\/10\/bico-tradition-2021-aspect-ratio-580-440-1.webp\" alt=\"\" loading=\"lazy\">\n                      <img decoding=\"async\" class=\"img-fluid d-md-none\" src=\"https:\/\/bico.ch\/wp-content\/uploads\/2022\/10\/bico-tradition-2021-aspect-ratio-535-405.webp\" alt=\"\" loading=\"lazy\">\n                      <div class=\"overlay-year-wrapper d-lg-none\">\n                        <span class=\"overlay-year text-center text-500 font-secondary\">2021<\/span>\n                      <\/div>\n                    <\/div>\n                  <\/div>\n                  <div class=\"text-column col-lg-4 offset-lg-1 order-lg-1\">\n                    <div class=\"wysiwyg text-light text-lg-end\">\n                      <p>Membre fondateur de l\u2019alliance des fabricants de matelas, issu de l\u2019initiative Make Furniture Circular (MFC) qui sensibilise le secteur de l\u2019ameublement suisse \u00e0 l\u2019\u00e9conomie circulaire.<\/p>\n                    <\/div>\n                  <\/div>\n                <\/div>\n              <\/div>\n                                                              <div class=\"timeline-item-wrapper landscape-image\">\n                <div class=\"overlay-year-wrapper d-none d-lg-flex\">\n                  <span class=\"overlay-year text-center text-500 font-secondary\">2022<\/span>\n                <\/div>\n                <div class=\"row\">\n                  <div class=\"image-column col-lg-5 \">\n                    <div class=\"img-wrapper\">\n                      <img decoding=\"async\" class=\"img-fluid d-none d-md-block\" src=\"https:\/\/bico.ch\/wp-content\/uploads\/2022\/11\/bico-tradition-2022-1-aspect-ratio-580-440.webp\" alt=\"\" loading=\"lazy\">\n                      <img decoding=\"async\" class=\"img-fluid d-md-none\" src=\"https:\/\/bico.ch\/wp-content\/uploads\/2022\/11\/bico-tradition-2022-1-aspect-ratio-535-405.webp\" alt=\"\" loading=\"lazy\">\n                      <div class=\"overlay-year-wrapper d-lg-none\">\n                        <span class=\"overlay-year text-center text-500 font-secondary\">2022<\/span>\n                      <\/div>\n                    <\/div>\n                  <\/div>\n                  <div class=\"text-column col-lg-4 offset-lg-2\">\n                    <div class=\"wysiwyg text-light \">\n                      <p>\u200b\u200b\u200b\u200b\u200bPrix de design pour <a href=\"https:\/\/bico.ch\/fr\/produit\/sommier-bico-flex-a\/\">bico-flex<\/a>: la toute derni\u00e8re innovation de ce grand classique re\u00e7oit outre le iF Design Award 2022 \u00e9galement le Red Dot Design Award 2022.<\/p>\n                    <\/div>\n                  <\/div>\n                <\/div>\n              <\/div>\n                                            <\/div>\n      <\/div>\n\n    <\/div>\n  \n<\/div>","protected":false},"excerpt":{"rendered":"","protected":false},"author":7,"featured_media":0,"parent":0,"menu_order":0,"comment_status":"closed","ping_status":"closed","template":"","meta":{"_acf_changed":false,"footnotes":""},"class_list":["post-46200","page","type-page","status-publish","hentry"],"acf":[],"yoast_head":"<!-- This site is optimized with the Yoast SEO Premium plugin v27.4 (Yoast SEO v27.5) - https:\/\/yoast.com\/product\/yoast-seo-premium-wordpress\/ -->\n<title>L&#039;expertise suisse du sommeil depuis 1861 | BICO<\/title>\n<meta name=\"description\" content=\"Au service du meilleur sommeil depuis 1861. Pionnier suisse de la premi\u00e8re heure, BICO a pris tr\u00e8s t\u00f4t la t\u00eate du secteur.\" \/>\n<meta name=\"robots\" content=\"index, follow, max-snippet:-1, max-image-preview:large, max-video-preview:-1\" \/>\n<link rel=\"canonical\" href=\"https:\/\/bico.ch\/fr\/tradition-suisse\/\" \/>\n<meta property=\"og:locale\" content=\"fr_FR\" \/>\n<meta property=\"og:type\" content=\"article\" \/>\n<meta property=\"og:title\" content=\"Tradition\" \/>\n<meta property=\"og:description\" content=\"Au service du meilleur sommeil depuis 1861. Pionnier suisse de la premi\u00e8re heure, BICO a pris tr\u00e8s t\u00f4t la t\u00eate du secteur.\" \/>\n<meta property=\"og:url\" content=\"https:\/\/bico.ch\/fr\/tradition-suisse\/\" \/>\n<meta property=\"og:site_name\" content=\"BICO\" \/>\n<meta property=\"article:publisher\" content=\"https:\/\/www.facebook.com\/bicoswitzerland\" \/>\n<meta property=\"article:modified_time\" content=\"2024-11-15T12:33:22+00:00\" \/>\n<meta property=\"og:image\" content=\"https:\/\/bico.ch\/wp-content\/uploads\/2022\/11\/bico-startseitenbild-schweizer-berge-sternenhimmel.webp\" \/>\n\t<meta property=\"og:image:width\" content=\"1920\" \/>\n\t<meta property=\"og:image:height\" content=\"1440\" \/>\n\t<meta property=\"og:image:type\" content=\"image\/jpeg\" \/>\n<script type=\"application\/ld+json\" class=\"yoast-schema-graph\">{\"@context\":\"https:\\\/\\\/schema.org\",\"@graph\":[{\"@type\":\"WebPage\",\"@id\":\"https:\\\/\\\/bico.ch\\\/fr\\\/tradition-suisse\\\/\",\"url\":\"https:\\\/\\\/bico.ch\\\/fr\\\/tradition-suisse\\\/\",\"name\":\"L'expertise suisse du sommeil depuis 1861 | BICO\",\"isPartOf\":{\"@id\":\"https:\\\/\\\/bico.ch\\\/fr\\\/#website\"},\"datePublished\":\"2022-10-14T10:55:07+00:00\",\"dateModified\":\"2024-11-15T12:33:22+00:00\",\"description\":\"Au service du meilleur sommeil depuis 1861. Pionnier suisse de la premi\u00e8re heure, BICO a pris tr\u00e8s t\u00f4t la t\u00eate du secteur.\",\"breadcrumb\":{\"@id\":\"https:\\\/\\\/bico.ch\\\/fr\\\/tradition-suisse\\\/#breadcrumb\"},\"inLanguage\":\"fr-FR\",\"potentialAction\":[{\"@type\":\"ReadAction\",\"target\":[\"https:\\\/\\\/bico.ch\\\/fr\\\/tradition-suisse\\\/\"]}]},{\"@type\":\"BreadcrumbList\",\"@id\":\"https:\\\/\\\/bico.ch\\\/fr\\\/tradition-suisse\\\/#breadcrumb\",\"itemListElement\":[{\"@type\":\"ListItem\",\"position\":1,\"name\":\"Startseite\",\"item\":\"https:\\\/\\\/bico.ch\\\/fr\\\/\"},{\"@type\":\"ListItem\",\"position\":2,\"name\":\"Tradition\"}]},{\"@type\":\"WebSite\",\"@id\":\"https:\\\/\\\/bico.ch\\\/fr\\\/#website\",\"url\":\"https:\\\/\\\/bico.ch\\\/fr\\\/\",\"name\":\"BICO\",\"description\":\"F\u00fcr \u00e4 t\u00fc\u00fcf\u00e4 gsund\u00e4 Schlaaf.\u00ae\",\"publisher\":{\"@id\":\"https:\\\/\\\/bico.ch\\\/fr\\\/#organization\"},\"alternateName\":\"bico.ch\",\"potentialAction\":[{\"@type\":\"SearchAction\",\"target\":{\"@type\":\"EntryPoint\",\"urlTemplate\":\"https:\\\/\\\/bico.ch\\\/fr\\\/?s={search_term_string}\"},\"query-input\":{\"@type\":\"PropertyValueSpecification\",\"valueRequired\":true,\"valueName\":\"search_term_string\"}}],\"inLanguage\":\"fr-FR\"},{\"@type\":\"Organization\",\"@id\":\"https:\\\/\\\/bico.ch\\\/fr\\\/#organization\",\"name\":\"BICO\",\"url\":\"https:\\\/\\\/bico.ch\\\/fr\\\/\",\"logo\":{\"@type\":\"ImageObject\",\"inLanguage\":\"fr-FR\",\"@id\":\"https:\\\/\\\/bico.ch\\\/fr\\\/#\\\/schema\\\/logo\\\/image\\\/\",\"url\":\"https:\\\/\\\/bico.ch\\\/wp-content\\\/uploads\\\/2022\\\/11\\\/BICO_Logo_Black-e1667997604131.png\",\"contentUrl\":\"https:\\\/\\\/bico.ch\\\/wp-content\\\/uploads\\\/2022\\\/11\\\/BICO_Logo_Black-e1667997604131.png\",\"width\":2481,\"height\":1754,\"caption\":\"BICO\"},\"image\":{\"@id\":\"https:\\\/\\\/bico.ch\\\/fr\\\/#\\\/schema\\\/logo\\\/image\\\/\"},\"sameAs\":[\"https:\\\/\\\/www.facebook.com\\\/bicoswitzerland\",\"https:\\\/\\\/www.instagram.com\\\/bicoswitzerland\\\/\",\"https:\\\/\\\/www.youtube.com\\\/channel\\\/UCnyVAqYqj5XdkWKWY5CFJ3A\",\"https:\\\/\\\/www.linkedin.com\\\/showcase\\\/bicoswitzerland\\\/\"]}]}<\/script>\n<!-- \/ Yoast SEO Premium plugin. -->","yoast_head_json":{"title":"L'expertise suisse du sommeil depuis 1861 | BICO","description":"Au service du meilleur sommeil depuis 1861. Pionnier suisse de la premi\u00e8re heure, BICO a pris tr\u00e8s t\u00f4t la t\u00eate du secteur.","robots":{"index":"index","follow":"follow","max-snippet":"max-snippet:-1","max-image-preview":"max-image-preview:large","max-video-preview":"max-video-preview:-1"},"canonical":"https:\/\/bico.ch\/fr\/tradition-suisse\/","og_locale":"fr_FR","og_type":"article","og_title":"Tradition","og_description":"Au service du meilleur sommeil depuis 1861. Pionnier suisse de la premi\u00e8re heure, BICO a pris tr\u00e8s t\u00f4t la t\u00eate du secteur.","og_url":"https:\/\/bico.ch\/fr\/tradition-suisse\/","og_site_name":"BICO","article_publisher":"https:\/\/www.facebook.com\/bicoswitzerland","article_modified_time":"2024-11-15T12:33:22+00:00","og_image":[{"width":1920,"height":1440,"url":"https:\/\/bico.ch\/wp-content\/uploads\/2022\/11\/bico-startseitenbild-schweizer-berge-sternenhimmel.webp","type":"image\/jpeg"}],"schema":{"@context":"https:\/\/schema.org","@graph":[{"@type":"WebPage","@id":"https:\/\/bico.ch\/fr\/tradition-suisse\/","url":"https:\/\/bico.ch\/fr\/tradition-suisse\/","name":"L'expertise suisse du sommeil depuis 1861 | BICO","isPartOf":{"@id":"https:\/\/bico.ch\/fr\/#website"},"datePublished":"2022-10-14T10:55:07+00:00","dateModified":"2024-11-15T12:33:22+00:00","description":"Au service du meilleur sommeil depuis 1861. Pionnier suisse de la premi\u00e8re heure, BICO a pris tr\u00e8s t\u00f4t la t\u00eate du secteur.","breadcrumb":{"@id":"https:\/\/bico.ch\/fr\/tradition-suisse\/#breadcrumb"},"inLanguage":"fr-FR","potentialAction":[{"@type":"ReadAction","target":["https:\/\/bico.ch\/fr\/tradition-suisse\/"]}]},{"@type":"BreadcrumbList","@id":"https:\/\/bico.ch\/fr\/tradition-suisse\/#breadcrumb","itemListElement":[{"@type":"ListItem","position":1,"name":"Startseite","item":"https:\/\/bico.ch\/fr\/"},{"@type":"ListItem","position":2,"name":"Tradition"}]},{"@type":"WebSite","@id":"https:\/\/bico.ch\/fr\/#website","url":"https:\/\/bico.ch\/fr\/","name":"BICO","description":"F\u00fcr \u00e4 t\u00fc\u00fcf\u00e4 gsund\u00e4 Schlaaf.\u00ae","publisher":{"@id":"https:\/\/bico.ch\/fr\/#organization"},"alternateName":"bico.ch","potentialAction":[{"@type":"SearchAction","target":{"@type":"EntryPoint","urlTemplate":"https:\/\/bico.ch\/fr\/?s={search_term_string}"},"query-input":{"@type":"PropertyValueSpecification","valueRequired":true,"valueName":"search_term_string"}}],"inLanguage":"fr-FR"},{"@type":"Organization","@id":"https:\/\/bico.ch\/fr\/#organization","name":"BICO","url":"https:\/\/bico.ch\/fr\/","logo":{"@type":"ImageObject","inLanguage":"fr-FR","@id":"https:\/\/bico.ch\/fr\/#\/schema\/logo\/image\/","url":"https:\/\/bico.ch\/wp-content\/uploads\/2022\/11\/BICO_Logo_Black-e1667997604131.png","contentUrl":"https:\/\/bico.ch\/wp-content\/uploads\/2022\/11\/BICO_Logo_Black-e1667997604131.png","width":2481,"height":1754,"caption":"BICO"},"image":{"@id":"https:\/\/bico.ch\/fr\/#\/schema\/logo\/image\/"},"sameAs":["https:\/\/www.facebook.com\/bicoswitzerland","https:\/\/www.instagram.com\/bicoswitzerland\/","https:\/\/www.youtube.com\/channel\/UCnyVAqYqj5XdkWKWY5CFJ3A","https:\/\/www.linkedin.com\/showcase\/bicoswitzerland\/"]}]}},"_links":{"self":[{"href":"https:\/\/bico.ch\/fr\/wp-json\/wp\/v2\/pages\/46200","targetHints":{"allow":["GET"]}}],"collection":[{"href":"https:\/\/bico.ch\/fr\/wp-json\/wp\/v2\/pages"}],"about":[{"href":"https:\/\/bico.ch\/fr\/wp-json\/wp\/v2\/types\/page"}],"author":[{"embeddable":true,"href":"https:\/\/bico.ch\/fr\/wp-json\/wp\/v2\/users\/7"}],"replies":[{"embeddable":true,"href":"https:\/\/bico.ch\/fr\/wp-json\/wp\/v2\/comments?post=46200"}],"version-history":[{"count":0,"href":"https:\/\/bico.ch\/fr\/wp-json\/wp\/v2\/pages\/46200\/revisions"}],"wp:attachment":[{"href":"https:\/\/bico.ch\/fr\/wp-json\/wp\/v2\/media?parent=46200"}],"curies":[{"name":"wp","href":"https:\/\/api.w.org\/{rel}","templated":true}]}}