{"id":57188,"date":"2023-02-10T09:46:25","date_gmt":"2023-02-10T08:46:25","guid":{"rendered":"https:\/\/bico.ch\/?page_id=57188"},"modified":"2026-04-10T10:28:08","modified_gmt":"2026-04-10T08:28:08","slug":"berne","status":"publish","type":"page","link":"https:\/\/bico.ch\/fr\/berne\/","title":{"rendered":"BICO Showroom Bern"},"content":{"rendered":"\n<div id=\"intro-block_dafcf777af12d4ec0c17266e668f7596\" class=\"intro \n \">\n  <div class=\"background background-image h-80 colored-overlay-fullwidth\">\n          <img decoding=\"async\" class=\"background-image\" src=\"https:\/\/bico.ch\/wp-content\/uploads\/2024\/10\/bico-showroom-bern-neueroeffnung-nacht-aspect-ratio-1920-1080-1.webp\" alt=\"\">\n    \n            <div class=\"container\">\n\n      <div class=\"row\">\n        <div class=\"col-12 content-wrapper m-space-between\">\n          <div class=\"spacer\"><\/div>\n\n                      <div>\n                              <h1 class=\"h1-big\">Bienvenue au BICO<br \/>\r\nshowroom de Berne<\/h1>\n              \n                          <\/div>\n          \n                      <div class=\"btn-wrapper\">\n                                                <a class=\"btn btn-primary me-lg-2\" href=\"#rdv\" target=\"_self\">\n                    Prendre rendez-vous maintenant                  <\/a>\n                                          <\/div>\n          \n        <\/div>\n      <\/div>\n    <\/div>\n  <\/div>\n  <\/div>\n\n\n\n\n  <div id=\"aktionsbalken-block_b03e191dbf02fc8bcd588817d9665c67\" class=\"aktionsbalken \n\">\n    <div class=\"container\">\n      <div class=\"row\">\n        <div class=\"col-4 col-lg-2\">\n          <img decoding=\"async\" loading=\"lazy\" class=\"img-fluid\" src=\"https:\/\/bico.ch\/wp-content\/uploads\/2026\/02\/bico-promo-fruehling-26-icon-wettbewerb-240x240-2-aspect-ratio-240-240.webp\" alt=\"\">\n        <\/div>\n        <div class=\"col-8 col-lg-8\">\n          <div class=\"text wysiwyg\">\n            <h2>Des prix pour le corps et l\u2019esprit<\/h2>\n<p>Participez \u00e0 notre concours et gagnez des prix d\u00e9di\u00e9s au sommeil holistique, avec des moments de d\u00e9tente, un plaisir conscient et des exp\u00e9riences inoubliables!<\/p>\n          <\/div>\n          <div class=\"d-lg-none mt-3\">\n                          <a class=\"line-link\" href=\"https:\/\/bico.ch\/fr\/grandes-semaines-du-sommeil\/\" target=\"_self\">\n                Participer maintenant              <\/a>\n                      <\/div>\n        <\/div>\n        <div class=\"d-none d-lg-block col-lg-2\">\n                      <a class=\"line-link\" href=\"https:\/\/bico.ch\/fr\/grandes-semaines-du-sommeil\/\" target=\"_self\">\n              Participer maintenant            <\/a>\n                  <\/div>\n      <\/div>\n      <div class=\"btn-close\">\n        <?xml version=\"1.0\"?>\n<svg xmlns=\"http:\/\/www.w3.org\/2000\/svg\" width=\"24\" height=\"24\" viewBox=\"0 0 24 24\" fill=\"none\" class=\"icon icon-close-large-icon img-fluid\" aria-labelledby=\"schliessen-icon\" role=\"img\">\n<path d=\"M23 1.00391L1 23.0039\" stroke=\"#0F1531\"\/>\n<path d=\"M23 23.0039L1 1.00391\" stroke=\"#0F1531\"\/>\n<title id=\"schliessen-icon\">schliessen<\/title><\/svg>\n \n      <\/div>\n    <\/div>\n  <\/div>\n\n\n\n<div id=\"lead-text-block_07bf2131f831aff26683666fcf4c1dcb\" class=\"lead-text \n mt-medium mb-medium\">\n      <div class=\"container\">\n      <div class=\"row\">\n        <div class=\"offset-xl-2 col-xl-8\">\n\n          \n          \n          \n                      <div class=\"wysiwyg text text-center \">\n              <p>Avez-vous commenc\u00e9 la journ\u00e9e bien repos\u00e9? Gr\u00e2ce \u00e0 nos 160 ann\u00e9es d\u2019exp\u00e9rience, nous savons exactement \u00e0 quel point un bon sommeil est important pour le bien-\u00eatre individuel et la sant\u00e9. C\u2019est pourquoi nous soutenons la Suisse depuis 1861 gr\u00e2ce \u00e0 nos vastes comp\u00e9tences en mati\u00e8re de sommeil et \u00e0 d\u2019excellents produits fabriqu\u00e9s \u00e0 partir de mat\u00e9riaux suisses de haute qualit\u00e9.<\/p>\n            <\/div>\n          \n        <\/div>\n      <\/div>\n    <\/div>\n  <\/div>\n\n\n<div id=\"bild-text-block_67f286e9841cbb35703227346f6e004c\" class=\"bild-text \n mt-medium mb-medium variante-1 mobile-column\">\n\n  \n\n\n\n  <div class=\"container\">\n    <div class=\"row element-row align-items-center align-items-lg-center \">\n\n      \n      <div class=\"text-column col-md-8 col-lg-5 col-lg-5 offset-lg-0 offset-xl-1 col-xl-4\n              \">\n\n                          <h2  class=\"h2 large \">Notre expertise du sommeil en plein c\u0153ur de Berne<\/h2>\n                          <div class=\"wysiwyg text\"><p>Profitez d\u00e8s \u00e0 pr\u00e9sent en plein c\u0153ur de Berne de notre excellence en mati\u00e8re de sommeil et demandez conseil \u00e0 des sp\u00e9cialistes pour un sommeil haut de gamme.<\/p>\n<\/div>\n        \n        \n\n                  <div class=\"btn-wrapper\">\n                                          <div>\n                  <a class=\"btn btn-primary\" href=\"#rdv\" target=\"_self\">\n                    R\u00e9server un conseil en sommeil                  <\/a>\n                <\/div>\n                                    <\/div>\n        \n                  <div class=\"link-wrapper\">\n                                          <div>\n                  <a class=\"line-link mb-2\" href=\"https:\/\/bico.ch\/fr\/conseil-sommeil\/\" target=\"_self\">\n                    Plus sur le conseil en sommeil                  <\/a>\n                <\/div>\n              \n                      <\/div>\n        \n\n\n      <\/div>\n\n      \n              <div class=\"image-column  offset-lg-1 col-lg-6 offset-xl-1 col-xl-6\">\n                      <div class=\"img-wrapper\">\n                                              <picture>\n                                      <source\n                      media=\"(min-width: 768px) and (max-width: 991px)\"\n                      srcset=\"https:\/\/bico.ch\/wp-content\/uploads\/2023\/03\/bico-showroom-bern-032-bearb-aspect-ratio-1340-892-1-1024x682.webp 1024w, https:\/\/bico.ch\/wp-content\/uploads\/2023\/03\/bico-showroom-bern-032-bearb-aspect-ratio-1340-892-1-300x200.webp 300w, https:\/\/bico.ch\/wp-content\/uploads\/2023\/03\/bico-showroom-bern-032-bearb-aspect-ratio-1340-892-1-768x511.webp 768w, https:\/\/bico.ch\/wp-content\/uploads\/2023\/03\/bico-showroom-bern-032-bearb-aspect-ratio-1340-892-1-600x399.webp 600w, https:\/\/bico.ch\/wp-content\/uploads\/2023\/03\/bico-showroom-bern-032-bearb-aspect-ratio-1340-892-1.webp 1340w\"\n                      sizes=\"100vw\">\n                                    <img class=\"img-fluid\"\n                    src=\"https:\/\/bico.ch\/wp-content\/uploads\/2023\/03\/bico-showroom-bern-032-bearb-1404-aspect-ratio-1404-1404-1.webp\"\n                    srcset=\"https:\/\/bico.ch\/wp-content\/uploads\/2023\/03\/bico-showroom-bern-032-bearb-1404-aspect-ratio-1404-1404-1-1024x1024.webp 1024w, https:\/\/bico.ch\/wp-content\/uploads\/2023\/03\/bico-showroom-bern-032-bearb-1404-aspect-ratio-1404-1404-1-300x300.webp 300w, https:\/\/bico.ch\/wp-content\/uploads\/2023\/03\/bico-showroom-bern-032-bearb-1404-aspect-ratio-1404-1404-1-150x150.webp 150w, https:\/\/bico.ch\/wp-content\/uploads\/2023\/03\/bico-showroom-bern-032-bearb-1404-aspect-ratio-1404-1404-1-768x768.webp 768w, https:\/\/bico.ch\/wp-content\/uploads\/2023\/03\/bico-showroom-bern-032-bearb-1404-aspect-ratio-1404-1404-1-600x600.webp 600w, https:\/\/bico.ch\/wp-content\/uploads\/2023\/03\/bico-showroom-bern-032-bearb-1404-aspect-ratio-1404-1404-1-100x100.webp 100w, https:\/\/bico.ch\/wp-content\/uploads\/2023\/03\/bico-showroom-bern-032-bearb-1404-aspect-ratio-1404-1404-1-50x50.webp 50w, https:\/\/bico.ch\/wp-content\/uploads\/2023\/03\/bico-showroom-bern-032-bearb-1404-aspect-ratio-1404-1404-1.webp 1404w\"                     sizes=\"auto, (max-width: 768px) 100vw, (max-width: 992px) 50vw, 600px\"\n                    width=\"1404\"\n                    height=\"1404\"\n                    alt=\"\"\n                    loading=\"lazy\"\n                    decoding=\"async\">\n                <\/picture>\n                                            <div class=\"lightgallery\">\n                                                            <a class=\"btn btn-overlay lb-item\"  href=\"https:\/\/bico.ch\/wp-content\/uploads\/2023\/03\/bico-showroom-bern-050-bearb-1.webp\">\n                        <i class=\"fak fa-icon-gallery\"><\/i>\n                        Galerie de photos                      <\/a>\n                                                                                                    <img decoding=\"async\" class=\"img-fluid lb-item d-none\" src=\"https:\/\/bico.ch\/wp-content\/uploads\/2023\/03\/bico-showroom-bern-04.webp\" alt=\"BICO Showroom Bern\"  loading=\"lazy\">\n                                                                                                    <img decoding=\"async\" class=\"img-fluid lb-item d-none\" src=\"https:\/\/bico.ch\/wp-content\/uploads\/2023\/03\/bico-showroom-bern-033-bearb-e1679404691686.webp\" alt=\"BICO Showroom Bern\"  loading=\"lazy\">\n                                                                                                    <img decoding=\"async\" class=\"img-fluid lb-item d-none\" src=\"https:\/\/bico.ch\/wp-content\/uploads\/2023\/03\/bico-showroom-bern-024-bearb.webp\" alt=\"BICO Showroom Bern\"  loading=\"lazy\">\n                                                                                                    <img decoding=\"async\" class=\"img-fluid lb-item d-none\" src=\"https:\/\/bico.ch\/wp-content\/uploads\/2023\/03\/bico-showroom-bern-038-bearb.webp\" alt=\"BICO Showroom Bern\"  loading=\"lazy\">\n                                                                                                    <img decoding=\"async\" class=\"img-fluid lb-item d-none\" src=\"https:\/\/bico.ch\/wp-content\/uploads\/2023\/03\/bico-showroom-bern-013-e1679404913112.webp\" alt=\"BICO Showroom Bern\"  loading=\"lazy\">\n                                                                                                    <img decoding=\"async\" class=\"img-fluid lb-item d-none\" src=\"https:\/\/bico.ch\/wp-content\/uploads\/2023\/03\/bico-showroom-bern-034-bearb.webp\" alt=\"BICO Showroom Bern\"  loading=\"lazy\">\n                                                                                                    <img decoding=\"async\" class=\"img-fluid lb-item d-none\" src=\"https:\/\/bico.ch\/wp-content\/uploads\/2023\/03\/bico-showroom-bern-005.webp\" alt=\"BICO Showroom Bern\"  loading=\"lazy\">\n                                                                          <\/div>\n                          <\/div>\n                  <\/div>\n      \n\n      \n\n    <\/div>\n  <\/div>\n<\/div>\n\n\n<div id=\"hero-2-evolve-block_0fe4c83a5e552cbb7916a973f5dfcfee\" class=\"hero-2-evolve \n mt-small mb-medium variante-2 \">\n\n  <div class=\"container\">\n\n    <div class=\"row bg-nude\">\n\n      <div class=\"col-md-4 col-xl-5 col-xxl-4 image-column\">\n        <div class=\"image-wrapper\">\n          <div class=\"bg-image\" style=\"background-image: url(https:\/\/bico.ch\/wp-content\/uploads\/2024\/09\/bico-showroom-bern-034-bearb-aspect-ratio-630-470.webp);\">\n          <\/div>\n        <\/div>\n      <\/div>\n\n      <div class=\"col-md-8 col-xl-7 col-xxl-8 text-column\">\n                <div class=\"text-column-top\">\n                      <h2 class=\"h3  \">Visite \u00e0 360 degr\u00e9s<\/h2>\n                                <div class=\"text wysiwyg font-size-body text-medium\">\n              <p>D\u00e9couvrir le showroom BICO de Berne<\/p>\n            <\/div>\n                  <\/div>\n\n                  <div class=\"btn-wrapper\">\n                                          <a class=\"btn btn-outline-dark\" href=\"https:\/\/maps.app.goo.gl\/A6nP66SbTDPKk3Ms8\" target=\"_blank\">\n                                      <i class=\"fak fa-icon-360-tour\"><\/i>\n                                    D\u00e9marrer la visite \u00e0 360 degr\u00e9s                <\/a>\n                                    <\/div>\n              <\/div>\n    <\/div>\n  <\/div>\n<\/div>\n\n\n<div id=\"rdv\" class=\"store-info \n mb-medium\">\n    <div class=\"container-fluid\">\n                                    <div class=\"row store-info-item bg-nude\">\n                    <div class=\"col-lg-6 map-col\">\n                        <div id=\"storeInfoMap\"\n                            class=\"map\"\n                            data-store-title=\"Showroom Bern\"\n                            data-store-street=\"Aarbergergasse 1\"\n                            data-store-plz=\"3011\"\n                            data-store-place=\"Bern\"\n                            data-store-lat=\"46.9492538\"\n                            data-store-lng=\"7.4437568\"\n                            data-store-type=\"bico-showrooms\">\n                        <\/div>\n                    <\/div>\n                    <div class=\"store-desc-col offset-md-2 col-md-8 offset-lg-0 col-lg-6 offset-xl-1 col-xl-4\">\n                        <div class=\"store-desc\">\n                            <h2 class=\"h2\">Showroom BICO de Berne<\/h2>\n                            <div class=\"store-address text-light\">\n                                <i class=\"fak fa-icon-pin\"><\/i>\n                                <address class=\"mb-0\">Aarbergergasse 1, 3011 Bern<\/address>\n                            <\/div>\n\n                                                            <div class=\"store-openinghours-wrapper\">\n                                    <div class=\"accordion accordion-flush\" id=\"accordion-928967\">\n                                        <div class=\"accordion-item\">\n                                            <h2 class=\"accordion-header\">\n                                                <button class=\"accordion-button collapsed\"\n                                                    type=\"button\"\n                                                    data-bs-toggle=\"collapse\"\n                                                    data-bs-target=\"#accordion-928967-collapse-openinghours\"\n                                                    aria-expanded=\"true\"\n                                                    aria-controls=\"accordion-928967-collapse-openinghours\">\n                                                    Heures d\u2019ouverture                                                <\/button>\n                                            <\/h2>\n                                            <div id=\"accordion-928967-collapse-openinghours\"\n                                                class=\"accordion-collapse collapse show\">\n                                                <div class=\"accordion-body\">\n                                                    <div class=\"openinghours\">\n                                                                                                                                                                                    <div class=\"openinghour-item text-light\">\n                                                                    <div>Mardi \u00e0 vendredi<\/div>\n                                                                    <div>9h30 \u00e0 18h30<\/div>\n                                                                <\/div>\n                                                                                                                                                                                                                                                <div class=\"openinghour-item text-light\">\n                                                                    <div>Samedi<\/div>\n                                                                    <div>9h30 \u00e0 17h00<\/div>\n                                                                <\/div>\n                                                                                                                                                                        <\/div>\n                                                <\/div>\n                                            <\/div>\n                                        <\/div>\n                                                                                    <div class=\"accordion-item\">\n                                                <h2 class=\"accordion-header\">\n                                                    <button class=\"accordion-button collapsed\"\n                                                        type=\"button\"\n                                                        data-bs-toggle=\"collapse\"\n                                                        data-bs-target=\"#accordion-928967-collapse-specialopeninghours\"\n                                                        aria-expanded=\"false\"\n                                                        aria-controls=\"accordion-928967-collapse-specialopeninghours\">\n                                                        Heures d&#039;ouverture sp\u00e9ciales                                                    <\/button>\n                                                <\/h2>\n                                                <div id=\"accordion-928967-collapse-specialopeninghours\"\n                                                    class=\"accordion-collapse collapse\">\n                                                    <div class=\"accordion-body\">\n                                                        <div class=\"openinghours\">\n                                                                                                                                                                                                <div class=\"openinghour-item text-light\">\n                                                                        <div>Jeudi 2 avril<\/div>\n                                                                        <div>9h30 \u00e0 16h00<\/div>\n                                                                    <\/div>\n                                                                                                                                                                                                                                                                <div class=\"openinghour-item text-light\">\n                                                                        <div>Vendredi 3 avril (Vendredi Saint)<\/div>\n                                                                        <div>ferm\u00e9<\/div>\n                                                                    <\/div>\n                                                                                                                                                                                                                                                                <div class=\"openinghour-item text-light\">\n                                                                        <div>Samedi 4 avril<\/div>\n                                                                        <div>9h30 \u00e0 16h00<\/div>\n                                                                    <\/div>\n                                                                                                                                                                                                                                                                <div class=\"openinghour-item text-light\">\n                                                                        <div>Lundi 6 avril (Lundi de P\u00e2ques)<\/div>\n                                                                        <div>ferm\u00e9<\/div>\n                                                                    <\/div>\n                                                                                                                                                                                    <\/div>\n                                                    <\/div>\n                                                <\/div>\n                                            <\/div>\n                                                                            <\/div>\n                                <\/div>\n                            \n                                                            <div class=\"action-wrapper\">\n\n                                                                            <div class=\"btn-wrapper\">\n                                            <a class=\"btn btn-primary\"\n                                                href=\"https:\/\/outlook.office.com\/book\/ShowroomBern@ha-ad.net\/s\/F2vOC9cpuk-hvJfGiQ4o4A2?ismsaljsauthenabled\"\n                                                target=\"_blank\">\n                                                Prendre rendez-vous au showroom Berne                                            <\/a>\n                                        <\/div>\n                                    \n                                                                    <\/div>\n                                                    <\/div>\n                    <\/div>\n                <\/div>\n                                <\/div>\n<\/div>\n\n\n<div id=\"text-banner-block_ce4239667fcc8b04857b27b25f9d7462\" class=\"text-banner \n\">\n  <div class=\"container\">\n    <div class=\"text-banner__content text-center bg-grey-light\">\n      <div class=\"text-banner__content-text h6 mb-0\">\n        Remarque importante: il est pr\u00e9f\u00e9rable de r\u00e9server un rendez-vous, cela nous permet de consacrer environ 1,5 heure enti\u00e8rement \u00e0 votre conseil personnalis\u00e9 ainsi qu\u2019\u00e0 l\u2019essai des produits en position allong\u00e9e. Les visites spontan\u00e9es sont bien entendu toujours les bienvenues, toutefois des temps d\u2019attente peuvent survenir en fonction de l\u2019affluence.      <\/div>\n    <\/div>\n  <\/div>\n<\/div>\n\n\n<div id=\"bild-text-block_238b46e38ce9962787914b33b132f982\" class=\"bild-text \n mt-medium mb-small variante-1 mobile-column\">\n\n  \n\n\n\n  <div class=\"container\">\n    <div class=\"row element-row align-items-center align-items-lg-center \">\n\n      \n      <div class=\"text-column col-md-8 col-lg-5 col-lg-5 offset-lg-0 offset-xl-1 col-xl-4\n              \">\n\n                          <h2  class=\"h2 large \">Vous avez des questions?<\/h2>\n                          <div class=\"wysiwyg text\"><p>Nos experts en sommeil se feront un plaisir de vous conseiller et de r\u00e9pondre \u00e0 vos questions personnellement \u2014 par courriel, t\u00e9l\u00e9phone ou directement sur place dans le showroom.<\/p>\n<\/div>\n        \n                  <div class=\"custom-table-wrapper\">\n                                          <div class=\"custom-tr d-flex flex-xl-column flex-xxl-row flex-wrap align-items-center align-items-xl-start align-items-xxl-center\">\n                  <strong class=\"d-block font-size-body font-secondary\">T\u00e9l\u00e9phone<\/strong>\n                                      <div>\n                      <a class=\"line-link\" href=\"tel:+41315584224\">\n                        +41 31 558 42 24                      <\/a>\n                    <\/div>\n                                  <\/div>\n                                                        <div class=\"custom-tr d-flex flex-xl-column flex-xxl-row flex-wrap align-items-center align-items-xl-start align-items-xxl-center\">\n                  <strong class=\"d-block font-size-body font-secondary\">E-mail<\/strong>\n                                      <div>\n                      <a class=\"line-link\" href=\"mailto:showr&#111;o&#109;.&#98;&#101;&#64;&#98;&#105;c&#111;&#46;ch\">\n                        sh&#111;w&#114;o&#111;&#109;&#046;be&#064;bic&#111;&#046;ch                      <\/a>\n                    <\/div>\n                                  <\/div>\n                                    <\/div>\n        \n\n                  <div class=\"btn-wrapper\">\n                                          <div>\n                  <a class=\"btn btn-primary\" href=\"#rdv\" target=\"_self\">\n                    R\u00e9server un conseil en sommeil                  <\/a>\n                <\/div>\n                                    <\/div>\n        \n        \n\n\n      <\/div>\n\n      \n              <div class=\"image-column  offset-lg-1 col-lg-6 offset-xl-1 col-xl-6\">\n                      <div class=\"img-wrapper\">\n                                              <picture>\n                                      <source\n                      media=\"(min-width: 768px) and (max-width: 991px)\"\n                      srcset=\"https:\/\/bico.ch\/wp-content\/uploads\/2023\/02\/team-bico-showroom-bern-aspect-ratio-1340-892-1024x682.webp 1024w, https:\/\/bico.ch\/wp-content\/uploads\/2023\/02\/team-bico-showroom-bern-aspect-ratio-1340-892-300x200.webp 300w, https:\/\/bico.ch\/wp-content\/uploads\/2023\/02\/team-bico-showroom-bern-aspect-ratio-1340-892-768x511.webp 768w, https:\/\/bico.ch\/wp-content\/uploads\/2023\/02\/team-bico-showroom-bern-aspect-ratio-1340-892-600x399.webp 600w, https:\/\/bico.ch\/wp-content\/uploads\/2023\/02\/team-bico-showroom-bern-aspect-ratio-1340-892.webp 1340w\"\n                      sizes=\"100vw\">\n                                    <img class=\"img-fluid\"\n                    src=\"https:\/\/bico.ch\/wp-content\/uploads\/2023\/02\/team-bico-showroom-bern-aspect-ratio-1404-1404.webp\"\n                    srcset=\"https:\/\/bico.ch\/wp-content\/uploads\/2023\/02\/team-bico-showroom-bern-aspect-ratio-1404-1404-1024x1024.webp 1024w, https:\/\/bico.ch\/wp-content\/uploads\/2023\/02\/team-bico-showroom-bern-aspect-ratio-1404-1404-150x150.webp 150w, https:\/\/bico.ch\/wp-content\/uploads\/2023\/02\/team-bico-showroom-bern-aspect-ratio-1404-1404-300x300.webp 300w, https:\/\/bico.ch\/wp-content\/uploads\/2023\/02\/team-bico-showroom-bern-aspect-ratio-1404-1404-768x768.webp 768w, https:\/\/bico.ch\/wp-content\/uploads\/2023\/02\/team-bico-showroom-bern-aspect-ratio-1404-1404-600x600.webp 600w, https:\/\/bico.ch\/wp-content\/uploads\/2023\/02\/team-bico-showroom-bern-aspect-ratio-1404-1404-100x100.webp 100w, https:\/\/bico.ch\/wp-content\/uploads\/2023\/02\/team-bico-showroom-bern-aspect-ratio-1404-1404-50x50.webp 50w, https:\/\/bico.ch\/wp-content\/uploads\/2023\/02\/team-bico-showroom-bern-aspect-ratio-1404-1404.webp 1404w\"                     sizes=\"auto, (max-width: 768px) 100vw, (max-width: 992px) 50vw, 600px\"\n                    width=\"1404\"\n                    height=\"1404\"\n                    alt=\"\"\n                    loading=\"lazy\"\n                    decoding=\"async\">\n                <\/picture>\n                                        <\/div>\n                  <\/div>\n      \n\n      \n\n    <\/div>\n  <\/div>\n<\/div>\n\n\n<div id=\"kundenbewertungen-cms-block_e4cbc7a2a859898fa4f6dc448157d461\" class=\"bg-glacier py-medium-big kundenbewertungen-cms \n\">\n\n  <div class=\"container\">\n\n          <h2 class=\"h2 large text-center\">\u00c9valuations de clients showroom Berne<\/h2>\n    \n    \n      <div class=\"swiper\">\n        <div class=\"swiper-wrapper\">\n\n          \n\n            <div class=\"swiper-slide reviews-overview\">\n              <div class=\"rating-body\">\n                <div class=\"rating rating-total\">\n                  <div class=\"rating-value rating-value-total h1 h1-big\">5<\/div>\n                  <div class=\"rating-stars rating-stars-total\">\n\n                    <i class=\"fa-kit fa-star-icon-filled\"><\/i><i class=\"fa-kit fa-star-icon-filled\"><\/i><i class=\"fa-kit fa-star-icon-filled\"><\/i><i class=\"fa-kit fa-star-icon-filled\"><\/i><i class=\"fa-kit fa-star-icon-filled\"><\/i>                  <\/div>\n                <\/div>\n                <div class=\"rating-reviews-total text-center text-light text-small\">120 avis<\/div>\n              <\/div>\n              <div class=\"review-footer\">\n                <div class=\"google-icon-wrapper\" target=\"_blank\" rel=\"noopener\">\n                  <img decoding=\"async\" class=\"img-fluid\" src=\"https:\/\/bico.ch\/wp-content\/themes\/bico\/assets\/img\/google_small_icon_colored.png\" loading=\"lazy\">\n                <\/div>\n                <div class=\"review-meta d-flex flex-column\">\n                  <div class=\"review-store-title label\">\n                    BICO Showroom Berne                  <\/div>\n                                      <a href=\"https:\/\/maps.google.com\/?cid=2302371361058208385\" target=\"_blank\" class=\"link-text-light text-small\">\n                      Tous les avis                    <\/a>\n                                  <\/div>\n              <\/div>\n            <\/div>\n\n                                          <div class=\"swiper-slide review-item has-readmore\" data-text=\"Mit sehr kompetentem Fachwissen hat Herr Schneider meine Partnerin und mich durch das ganze Sortiment begleitet.&lt;br \/&gt;\r\nWir f\u00fchlten und im Showroom sehr wilkommen und gesch\u00e4tzt. Man merkte direkt dass uns hier nichts untergejubelt wird sondern uns mit bestem Wissen und Gewissen die verschidenen Produkte vorgestellt werden.&lt;br \/&gt;\r\nWir bedanken und beim BICO Showroom Team Bern f\u00fcr die super Beratung und freuen uns auf das Eintreffen der neuen Matratzen!\" data-rating=\"5\" data-author=\"U. Mani\">\n                  <div class=\"review-body\">\n                    <div class=\"rating\">\n                      <div class=\"rating-stars\">\n                        <i class=\"fa-kit fa-star-icon-filled\"><\/i><i class=\"fa-kit fa-star-icon-filled\"><\/i><i class=\"fa-kit fa-star-icon-filled\"><\/i><i class=\"fa-kit fa-star-icon-filled\"><\/i><i class=\"fa-kit fa-star-icon-filled\"><\/i>                      <\/div>\n                      <span class=\"rating-value text-light font-secondary\">5 de 5 \u00e9toiles<\/span>\n                    <\/div>\n                                          <div class=\"review-text readmore\">\n                        \u00abMit sehr kompetentem Fachwissen hat Herr Schneider meine Partnerin und mich durch das ganze Sortiment begleitet.<br \/>\r\nWir f\u00fchlten und im Showroom sehr wilkommen und gesch\u00e4tzt. Man merkte direkt dass uns hier nichts untergejubelt wird sondern uns mit bestem Wissen und Gewissen die verschidenen Produkte vorgestellt werden.<br \/>\r\nWir bedanken und beim BICO Showroom Team Bern f\u00fcr die super Beratung und freuen uns auf das Eintreffen der neuen Matratzen!\u00bb\n                      <\/div>\n                                      <\/div>\n                  <div class=\"review-footer\">\n                    <div class=\"review-meta\">\n                      <div class=\"review-store-title label\">\n                        BICO Showroom Berne                      <\/div>\n                      <div class=\"review-author-info text-light text-small\">\n                        <span class=\"time\">01.05.2026<\/span>\n                                                  <span class=\"author_name\">U. Mani<\/span>\n                                              <\/div>\n                    <\/div>\n                  <\/div>\n                <\/div>\n\n                              <div class=\"swiper-slide review-item has-readmore\" data-text=\"Angenehme Atmosph\u00e4re und tolle Beratung von gut geschultes Personal die das logo &quot;f\u00fcr e t\u00fcfe gsunde schlaf&quot; sehr gut repr\u00e4sentieren. Eine probeliege in Bern lohnt sich!\" data-rating=\"5\" data-author=\"Max Brechb\u00fchler\">\n                  <div class=\"review-body\">\n                    <div class=\"rating\">\n                      <div class=\"rating-stars\">\n                        <i class=\"fa-kit fa-star-icon-filled\"><\/i><i class=\"fa-kit fa-star-icon-filled\"><\/i><i class=\"fa-kit fa-star-icon-filled\"><\/i><i class=\"fa-kit fa-star-icon-filled\"><\/i><i class=\"fa-kit fa-star-icon-filled\"><\/i>                      <\/div>\n                      <span class=\"rating-value text-light font-secondary\">5 de 5 \u00e9toiles<\/span>\n                    <\/div>\n                                          <div class=\"review-text readmore\">\n                        \u00abAngenehme Atmosph\u00e4re und tolle Beratung von gut geschultes Personal die das logo \u00ab\u00a0f\u00fcr e t\u00fcfe gsunde schlaf\u00a0\u00bb sehr gut repr\u00e4sentieren. Eine probeliege in Bern lohnt sich!\u00bb\n                      <\/div>\n                                      <\/div>\n                  <div class=\"review-footer\">\n                    <div class=\"review-meta\">\n                      <div class=\"review-store-title label\">\n                        BICO Showroom Berne                      <\/div>\n                      <div class=\"review-author-info text-light text-small\">\n                        <span class=\"time\">01.05.2026<\/span>\n                                                  <span class=\"author_name\">Max Brechb\u00fchler<\/span>\n                                              <\/div>\n                    <\/div>\n                  <\/div>\n                <\/div>\n\n                              <div class=\"swiper-slide review-item has-readmore\" data-text=\"Vielen Dank f\u00fcr die super Beratung zum Thema Schlaf und Bett!\" data-rating=\"5\" data-author=\"Regula Menzi\">\n                  <div class=\"review-body\">\n                    <div class=\"rating\">\n                      <div class=\"rating-stars\">\n                        <i class=\"fa-kit fa-star-icon-filled\"><\/i><i class=\"fa-kit fa-star-icon-filled\"><\/i><i class=\"fa-kit fa-star-icon-filled\"><\/i><i class=\"fa-kit fa-star-icon-filled\"><\/i><i class=\"fa-kit fa-star-icon-filled\"><\/i>                      <\/div>\n                      <span class=\"rating-value text-light font-secondary\">5 de 5 \u00e9toiles<\/span>\n                    <\/div>\n                                          <div class=\"review-text readmore\">\n                        \u00abVielen Dank f\u00fcr die super Beratung zum Thema Schlaf und Bett!\u00bb\n                      <\/div>\n                                      <\/div>\n                  <div class=\"review-footer\">\n                    <div class=\"review-meta\">\n                      <div class=\"review-store-title label\">\n                        BICO Showroom Berne                      <\/div>\n                      <div class=\"review-author-info text-light text-small\">\n                        <span class=\"time\">01.05.2026<\/span>\n                                                  <span class=\"author_name\">Regula Menzi<\/span>\n                                              <\/div>\n                    <\/div>\n                  <\/div>\n                <\/div>\n\n                              <div class=\"swiper-slide review-item has-readmore\" data-text=\"Beste Beratung, super Produkte.\" data-rating=\"5\" data-author=\"Melanie Bucher\">\n                  <div class=\"review-body\">\n                    <div class=\"rating\">\n                      <div class=\"rating-stars\">\n                        <i class=\"fa-kit fa-star-icon-filled\"><\/i><i class=\"fa-kit fa-star-icon-filled\"><\/i><i class=\"fa-kit fa-star-icon-filled\"><\/i><i class=\"fa-kit fa-star-icon-filled\"><\/i><i class=\"fa-kit fa-star-icon-filled\"><\/i>                      <\/div>\n                      <span class=\"rating-value text-light font-secondary\">5 de 5 \u00e9toiles<\/span>\n                    <\/div>\n                                          <div class=\"review-text readmore\">\n                        \u00abBeste Beratung, super Produkte.\u00bb\n                      <\/div>\n                                      <\/div>\n                  <div class=\"review-footer\">\n                    <div class=\"review-meta\">\n                      <div class=\"review-store-title label\">\n                        BICO Showroom Berne                      <\/div>\n                      <div class=\"review-author-info text-light text-small\">\n                        <span class=\"time\">01.05.2026<\/span>\n                                                  <span class=\"author_name\">Melanie Bucher<\/span>\n                                              <\/div>\n                    <\/div>\n                  <\/div>\n                <\/div>\n\n                              <div class=\"swiper-slide review-item has-readmore\" data-text=\"Vielen Dank f\u00fcr den herzlichen Empfang und herzlichen Gl\u00fcckwunsch zu Ihrer Freundlichkeit und Professionalit\u00e4t.\" data-rating=\"5\" data-author=\"Monique Feller\">\n                  <div class=\"review-body\">\n                    <div class=\"rating\">\n                      <div class=\"rating-stars\">\n                        <i class=\"fa-kit fa-star-icon-filled\"><\/i><i class=\"fa-kit fa-star-icon-filled\"><\/i><i class=\"fa-kit fa-star-icon-filled\"><\/i><i class=\"fa-kit fa-star-icon-filled\"><\/i><i class=\"fa-kit fa-star-icon-filled\"><\/i>                      <\/div>\n                      <span class=\"rating-value text-light font-secondary\">5 de 5 \u00e9toiles<\/span>\n                    <\/div>\n                                          <div class=\"review-text readmore\">\n                        \u00abVielen Dank f\u00fcr den herzlichen Empfang und herzlichen Gl\u00fcckwunsch zu Ihrer Freundlichkeit und Professionalit\u00e4t.\u00bb\n                      <\/div>\n                                      <\/div>\n                  <div class=\"review-footer\">\n                    <div class=\"review-meta\">\n                      <div class=\"review-store-title label\">\n                        BICO Showroom Berne                      <\/div>\n                      <div class=\"review-author-info text-light text-small\">\n                        <span class=\"time\">01.05.2026<\/span>\n                                                  <span class=\"author_name\">Monique Feller<\/span>\n                                              <\/div>\n                    <\/div>\n                  <\/div>\n                <\/div>\n\n                          \n            \n\n                  <\/div>\n\n\n        <div class=\"swiper-button-wrapper\">\n          <div class=\"swiper-button-prev\"><?xml version=\"1.0\"?>\n<svg xmlns=\"http:\/\/www.w3.org\/2000\/svg\" width=\"24\" height=\"24\" viewBox=\"0 0 24 24\" fill=\"none\" class=\"icon icon_arrow_left-icon \" aria-labelledby=\"retour-icon\" role=\"img\">\n<g clip-path=\"url(#clip0_11139_13198)\">\n<path d=\"M11 18.9999L4 11.9999L11 4.99992\" stroke=\"#0F1531\"\/>\n<path d=\"M4 12L21.25 12\" stroke=\"#0F1531\"\/>\n<\/g>\n<defs>\n<clipPath id=\"clip0_11139_13198\">\n<rect width=\"24\" height=\"24\" rx=\"12\" transform=\"matrix(-1 0 0 1 24 0)\" fill=\"white\"\/>\n<\/clipPath>\n<\/defs>\n<title id=\"retour-icon\">Retour<\/title><\/svg>\n<\/div>\n          <div class=\"swiper-button-next\"><?xml version=\"1.0\"?>\n<svg xmlns=\"http:\/\/www.w3.org\/2000\/svg\" width=\"24\" height=\"24\" viewBox=\"0 0 24 24\" fill=\"none\" class=\"icon icon_arrow_right-icon \" aria-labelledby=\"continuer-icon\" role=\"img\">\n<path d=\"M13 18.9999L20 11.9999L13 4.99992\" stroke=\"#0F1531\"\/>\n<path d=\"M20 12L2.75 12\" stroke=\"#0F1531\"\/>\n<title id=\"continuer-icon\">Continuer<\/title><\/svg>\n<\/div>\n        <\/div>\n\n      <\/div>\n    \n  <\/div>\n\n  <div class=\"modal fade custom-review-modal\" id=\"clientReviewModal\" tabindex=\"-1\" aria-labelledby=\"clientReviewModal\" aria-hidden=\"true\">\n    <div class=\"modal-dialog modal-lg modal-dialog-centered\">\n      <div class=\"modal-content\">\n        <div class=\"modal-header\">\n          <div class=\"rating mb-3\">\n            <div class=\"rating-stars\">\n            <\/div>\n            <span class=\"text-light font-secondary\"><span class=\"rating-value\"><\/span> de 5 \u00e9toiles<\/span>\n          <\/div>\n          <h4 class=\"modal-title\">\n\n            <div class=\"author-name\"><\/div>\n          <\/h4>\n          <button type=\"button\" class=\"btn-close\" data-bs-dismiss=\"modal\" aria-label=\"Close\">\n          <?xml version=\"1.0\"?>\n<svg xmlns=\"http:\/\/www.w3.org\/2000\/svg\" width=\"24\" height=\"24\" viewBox=\"0 0 24 24\" fill=\"none\" class=\"icon icon-close-large-icon img-fluid\" aria-labelledby=\"schliessen-icon\" role=\"img\">\n<path d=\"M23 1.00391L1 23.0039\" stroke=\"#0F1531\"\/>\n<path d=\"M23 23.0039L1 1.00391\" stroke=\"#0F1531\"\/>\n<title id=\"schliessen-icon\">schliessen<\/title><\/svg>\n \n          <\/button>\n        <\/div>\n        <div class=\"modal-body review-text\">\n        <\/div>\n      <\/div>\n    <\/div>\n  <\/div>\n\n<\/div>\n\n\n<div id=\"sortiment-slider-evolve-block_926e9df9abf67858283a7e2d1aebe504\" class=\"sortiment-slider-evolve \n mt-medium mb-medium variante-1\">\n      <div class=\"container \">\n      <div class=\"row\">\n\n                  <div class=\"col-12  text-column\">\n                          <h2 class=\"h2 large text-center \">D\u00e9couvrez notre assortiment<\/h2>\n                      <\/div>\n        \n        <div class=\"col-12  slider-column\">\n          <div class=\"swiper\">\n            <div class=\"swiper-wrapper\">\n                              <div class=\"swiper-slide\">\n                  <a class=\"kachel-item\" href=\"https:\/\/bico.ch\/fr\/categorie-produits\/matelas-et-surmatelas\/\" target=\"_self\">\n                    <span class=\"inner lazy-bg\" data-bg=\"https:\/\/bico.ch\/wp-content\/uploads\/2025\/01\/bico-image-katgorien-matratzen-topper-aspect-ratio-485-640-1.webp\"><\/span>\n                    <div class=\"item-title-wrapper\">\n                      <h3 class=\"item-title mb-0\">\n                        Matelas &amp; surmatelas                      <\/h3>\n                    <\/div>\n                  <\/a>\n                <\/div>\n                              <div class=\"swiper-slide\">\n                  <a class=\"kachel-item\" href=\"https:\/\/bico.ch\/fr\/categorie-produits\/sommiers\/\" target=\"_self\">\n                    <span class=\"inner lazy-bg\" data-bg=\"https:\/\/bico.ch\/wp-content\/uploads\/2025\/01\/bico-image-katgorien-lattenroste-aspect-ratio-485-640-1.webp\"><\/span>\n                    <div class=\"item-title-wrapper\">\n                      <h3 class=\"item-title mb-0\">\n                        Sommiers                      <\/h3>\n                    <\/div>\n                  <\/a>\n                <\/div>\n                              <div class=\"swiper-slide\">\n                  <a class=\"kachel-item\" href=\"https:\/\/bico.ch\/fr\/categorie-produits\/lits-boxspring\/\" target=\"_self\">\n                    <span class=\"inner lazy-bg\" data-bg=\"https:\/\/bico.ch\/wp-content\/uploads\/2025\/01\/bico-image-katgorien-boxpring-aspect-ratio-485-640-1.webp\"><\/span>\n                    <div class=\"item-title-wrapper\">\n                      <h3 class=\"item-title mb-0\">\n                        Lits boxpsring                      <\/h3>\n                    <\/div>\n                  <\/a>\n                <\/div>\n                              <div class=\"swiper-slide\">\n                  <a class=\"kachel-item\" href=\"https:\/\/bico.ch\/fr\/categorie-produits\/lits\/\" target=\"_self\">\n                    <span class=\"inner lazy-bg\" data-bg=\"https:\/\/bico.ch\/wp-content\/uploads\/2025\/01\/bico-image-katgorien-betten-aspect-ratio-485-640-2.webp\"><\/span>\n                    <div class=\"item-title-wrapper\">\n                      <h3 class=\"item-title mb-0\">\n                        Lits                      <\/h3>\n                    <\/div>\n                  <\/a>\n                <\/div>\n                              <div class=\"swiper-slide\">\n                  <a class=\"kachel-item\" href=\"https:\/\/bico.ch\/fr\/categorie-produits\/oreillers-et-couettes\/\" target=\"_self\">\n                    <span class=\"inner lazy-bg\" data-bg=\"https:\/\/bico.ch\/wp-content\/uploads\/2025\/01\/bico-image-katgorien-duvet-kissen-aspect-ratio-485-640-1.webp\"><\/span>\n                    <div class=\"item-title-wrapper\">\n                      <h3 class=\"item-title mb-0\">\n                        Oreillers &amp; couettes                      <\/h3>\n                    <\/div>\n                  <\/a>\n                <\/div>\n                              <div class=\"swiper-slide\">\n                  <a class=\"kachel-item\" href=\"https:\/\/bico.ch\/fr\/categorie-produits\/accessoires\/\" target=\"_self\">\n                    <span class=\"inner lazy-bg\" data-bg=\"https:\/\/bico.ch\/wp-content\/uploads\/2025\/01\/bico-image-katgorien-zubehoer-aspect-ratio-485-640-1.webp\"><\/span>\n                    <div class=\"item-title-wrapper\">\n                      <h3 class=\"item-title mb-0\">\n                        Accessoires                      <\/h3>\n                    <\/div>\n                  <\/a>\n                <\/div>\n                              <div class=\"swiper-slide\">\n                  <a class=\"kachel-item\" href=\"https:\/\/bico.ch\/fr\/categorie-produits\/linge-de-lit\/\" target=\"_self\">\n                    <span class=\"inner lazy-bg\" data-bg=\"https:\/\/bico.ch\/wp-content\/uploads\/2025\/01\/bico-image-katgorien-bettwaesche-aspect-ratio-485-640-1.webp\"><\/span>\n                    <div class=\"item-title-wrapper\">\n                      <h3 class=\"item-title mb-0\">\n                        Linge de lit                      <\/h3>\n                    <\/div>\n                  <\/a>\n                <\/div>\n                          <\/div>\n            <div class=\"swiper-button-wrapper\">\n              <div class=\"swiper-button-prev\"><?xml version=\"1.0\"?>\n<svg xmlns=\"http:\/\/www.w3.org\/2000\/svg\" width=\"24\" height=\"24\" viewBox=\"0 0 24 24\" fill=\"none\" class=\"icon icon_arrow_left-icon \" aria-labelledby=\"retour-icon\" role=\"img\">\n<g clip-path=\"url(#clip0_11139_13198)\">\n<path d=\"M11 18.9999L4 11.9999L11 4.99992\" stroke=\"#0F1531\"\/>\n<path d=\"M4 12L21.25 12\" stroke=\"#0F1531\"\/>\n<\/g>\n<defs>\n<clipPath id=\"clip0_11139_13198\">\n<rect width=\"24\" height=\"24\" rx=\"12\" transform=\"matrix(-1 0 0 1 24 0)\" fill=\"white\"\/>\n<\/clipPath>\n<\/defs>\n<title id=\"retour-icon\">Retour<\/title><\/svg>\n<\/div>\n              <div class=\"swiper-button-next\"><?xml version=\"1.0\"?>\n<svg xmlns=\"http:\/\/www.w3.org\/2000\/svg\" width=\"24\" height=\"24\" viewBox=\"0 0 24 24\" fill=\"none\" class=\"icon icon_arrow_right-icon \" aria-labelledby=\"continuer-icon\" role=\"img\">\n<path d=\"M13 18.9999L20 11.9999L13 4.99992\" stroke=\"#0F1531\"\/>\n<path d=\"M20 12L2.75 12\" stroke=\"#0F1531\"\/>\n<title id=\"continuer-icon\">Continuer<\/title><\/svg>\n<\/div>\n            <\/div>\n          <\/div>\n        <\/div>\n\n      <\/div>\n\n    <\/div>\n  <\/div>","protected":false},"excerpt":{"rendered":"","protected":false},"author":7,"featured_media":0,"parent":0,"menu_order":0,"comment_status":"closed","ping_status":"closed","template":"","meta":{"_acf_changed":false,"footnotes":""},"class_list":["post-57188","page","type-page","status-publish","hentry"],"acf":[],"yoast_head":"<!-- This site is optimized with the Yoast SEO Premium plugin v27.4 (Yoast SEO v27.5) - https:\/\/yoast.com\/product\/yoast-seo-premium-wordpress\/ -->\n<title>BICO Showroom en plein coeur de Berne | BICO<\/title>\n<meta name=\"description\" content=\"Profitez de notre comp\u00e9tence \u00e0 l&#039;Aarbergergasse 1 \u00e0 Berne et laissez-vous conseiller sur nos solutions de sommeil haut de gamme.\" \/>\n<meta name=\"robots\" content=\"index, follow, max-snippet:-1, max-image-preview:large, max-video-preview:-1\" \/>\n<link rel=\"canonical\" href=\"https:\/\/bico.ch\/fr\/berne\/\" \/>\n<meta property=\"og:locale\" content=\"fr_FR\" \/>\n<meta property=\"og:type\" content=\"article\" \/>\n<meta property=\"og:title\" content=\"BICO Showroom Bern\" \/>\n<meta property=\"og:description\" content=\"Profitez de notre comp\u00e9tence \u00e0 l&#039;Aarbergergasse 1 \u00e0 Berne et laissez-vous conseiller sur nos solutions de sommeil haut de gamme.\" \/>\n<meta property=\"og:url\" content=\"https:\/\/bico.ch\/fr\/berne\/\" \/>\n<meta property=\"og:site_name\" content=\"BICO\" \/>\n<meta property=\"article:publisher\" content=\"https:\/\/www.facebook.com\/bicoswitzerland\" \/>\n<meta property=\"article:modified_time\" content=\"2026-04-10T08:28:08+00:00\" \/>\n<meta property=\"og:image\" content=\"https:\/\/bico.ch\/wp-content\/uploads\/2022\/11\/bico-startseitenbild-schweizer-berge-sternenhimmel.webp\" \/>\n\t<meta property=\"og:image:width\" content=\"1920\" \/>\n\t<meta property=\"og:image:height\" content=\"1440\" \/>\n\t<meta property=\"og:image:type\" content=\"image\/jpeg\" \/>\n<script type=\"application\/ld+json\" class=\"yoast-schema-graph\">{\"@context\":\"https:\\\/\\\/schema.org\",\"@graph\":[{\"@type\":\"WebPage\",\"@id\":\"https:\\\/\\\/bico.ch\\\/fr\\\/berne\\\/\",\"url\":\"https:\\\/\\\/bico.ch\\\/fr\\\/berne\\\/\",\"name\":\"BICO Showroom en plein coeur de Berne | BICO\",\"isPartOf\":{\"@id\":\"https:\\\/\\\/bico.ch\\\/fr\\\/#website\"},\"datePublished\":\"2023-02-10T08:46:25+00:00\",\"dateModified\":\"2026-04-10T08:28:08+00:00\",\"description\":\"Profitez de notre comp\u00e9tence \u00e0 l'Aarbergergasse 1 \u00e0 Berne et laissez-vous conseiller sur nos solutions de sommeil haut de gamme.\",\"breadcrumb\":{\"@id\":\"https:\\\/\\\/bico.ch\\\/fr\\\/berne\\\/#breadcrumb\"},\"inLanguage\":\"fr-FR\",\"potentialAction\":[{\"@type\":\"ReadAction\",\"target\":[\"https:\\\/\\\/bico.ch\\\/fr\\\/berne\\\/\"]}]},{\"@type\":\"BreadcrumbList\",\"@id\":\"https:\\\/\\\/bico.ch\\\/fr\\\/berne\\\/#breadcrumb\",\"itemListElement\":[{\"@type\":\"ListItem\",\"position\":1,\"name\":\"Startseite\",\"item\":\"https:\\\/\\\/bico.ch\\\/fr\\\/\"},{\"@type\":\"ListItem\",\"position\":2,\"name\":\"BICO Showroom Bern\"}]},{\"@type\":\"WebSite\",\"@id\":\"https:\\\/\\\/bico.ch\\\/fr\\\/#website\",\"url\":\"https:\\\/\\\/bico.ch\\\/fr\\\/\",\"name\":\"BICO\",\"description\":\"F\u00fcr \u00e4 t\u00fc\u00fcf\u00e4 gsund\u00e4 Schlaaf.\u00ae\",\"publisher\":{\"@id\":\"https:\\\/\\\/bico.ch\\\/fr\\\/#organization\"},\"alternateName\":\"bico.ch\",\"potentialAction\":[{\"@type\":\"SearchAction\",\"target\":{\"@type\":\"EntryPoint\",\"urlTemplate\":\"https:\\\/\\\/bico.ch\\\/fr\\\/?s={search_term_string}\"},\"query-input\":{\"@type\":\"PropertyValueSpecification\",\"valueRequired\":true,\"valueName\":\"search_term_string\"}}],\"inLanguage\":\"fr-FR\"},{\"@type\":\"Organization\",\"@id\":\"https:\\\/\\\/bico.ch\\\/fr\\\/#organization\",\"name\":\"BICO\",\"url\":\"https:\\\/\\\/bico.ch\\\/fr\\\/\",\"logo\":{\"@type\":\"ImageObject\",\"inLanguage\":\"fr-FR\",\"@id\":\"https:\\\/\\\/bico.ch\\\/fr\\\/#\\\/schema\\\/logo\\\/image\\\/\",\"url\":\"https:\\\/\\\/bico.ch\\\/wp-content\\\/uploads\\\/2022\\\/11\\\/BICO_Logo_Black-e1667997604131.png\",\"contentUrl\":\"https:\\\/\\\/bico.ch\\\/wp-content\\\/uploads\\\/2022\\\/11\\\/BICO_Logo_Black-e1667997604131.png\",\"width\":2481,\"height\":1754,\"caption\":\"BICO\"},\"image\":{\"@id\":\"https:\\\/\\\/bico.ch\\\/fr\\\/#\\\/schema\\\/logo\\\/image\\\/\"},\"sameAs\":[\"https:\\\/\\\/www.facebook.com\\\/bicoswitzerland\",\"https:\\\/\\\/www.instagram.com\\\/bicoswitzerland\\\/\",\"https:\\\/\\\/www.youtube.com\\\/channel\\\/UCnyVAqYqj5XdkWKWY5CFJ3A\",\"https:\\\/\\\/www.linkedin.com\\\/showcase\\\/bicoswitzerland\\\/\"]}]}<\/script>\n<!-- \/ Yoast SEO Premium plugin. -->","yoast_head_json":{"title":"BICO Showroom en plein coeur de Berne | BICO","description":"Profitez de notre comp\u00e9tence \u00e0 l'Aarbergergasse 1 \u00e0 Berne et laissez-vous conseiller sur nos solutions de sommeil haut de gamme.","robots":{"index":"index","follow":"follow","max-snippet":"max-snippet:-1","max-image-preview":"max-image-preview:large","max-video-preview":"max-video-preview:-1"},"canonical":"https:\/\/bico.ch\/fr\/berne\/","og_locale":"fr_FR","og_type":"article","og_title":"BICO Showroom Bern","og_description":"Profitez de notre comp\u00e9tence \u00e0 l'Aarbergergasse 1 \u00e0 Berne et laissez-vous conseiller sur nos solutions de sommeil haut de gamme.","og_url":"https:\/\/bico.ch\/fr\/berne\/","og_site_name":"BICO","article_publisher":"https:\/\/www.facebook.com\/bicoswitzerland","article_modified_time":"2026-04-10T08:28:08+00:00","og_image":[{"width":1920,"height":1440,"url":"https:\/\/bico.ch\/wp-content\/uploads\/2022\/11\/bico-startseitenbild-schweizer-berge-sternenhimmel.webp","type":"image\/jpeg"}],"schema":{"@context":"https:\/\/schema.org","@graph":[{"@type":"WebPage","@id":"https:\/\/bico.ch\/fr\/berne\/","url":"https:\/\/bico.ch\/fr\/berne\/","name":"BICO Showroom en plein coeur de Berne | BICO","isPartOf":{"@id":"https:\/\/bico.ch\/fr\/#website"},"datePublished":"2023-02-10T08:46:25+00:00","dateModified":"2026-04-10T08:28:08+00:00","description":"Profitez de notre comp\u00e9tence \u00e0 l'Aarbergergasse 1 \u00e0 Berne et laissez-vous conseiller sur nos solutions de sommeil haut de gamme.","breadcrumb":{"@id":"https:\/\/bico.ch\/fr\/berne\/#breadcrumb"},"inLanguage":"fr-FR","potentialAction":[{"@type":"ReadAction","target":["https:\/\/bico.ch\/fr\/berne\/"]}]},{"@type":"BreadcrumbList","@id":"https:\/\/bico.ch\/fr\/berne\/#breadcrumb","itemListElement":[{"@type":"ListItem","position":1,"name":"Startseite","item":"https:\/\/bico.ch\/fr\/"},{"@type":"ListItem","position":2,"name":"BICO Showroom Bern"}]},{"@type":"WebSite","@id":"https:\/\/bico.ch\/fr\/#website","url":"https:\/\/bico.ch\/fr\/","name":"BICO","description":"F\u00fcr \u00e4 t\u00fc\u00fcf\u00e4 gsund\u00e4 Schlaaf.\u00ae","publisher":{"@id":"https:\/\/bico.ch\/fr\/#organization"},"alternateName":"bico.ch","potentialAction":[{"@type":"SearchAction","target":{"@type":"EntryPoint","urlTemplate":"https:\/\/bico.ch\/fr\/?s={search_term_string}"},"query-input":{"@type":"PropertyValueSpecification","valueRequired":true,"valueName":"search_term_string"}}],"inLanguage":"fr-FR"},{"@type":"Organization","@id":"https:\/\/bico.ch\/fr\/#organization","name":"BICO","url":"https:\/\/bico.ch\/fr\/","logo":{"@type":"ImageObject","inLanguage":"fr-FR","@id":"https:\/\/bico.ch\/fr\/#\/schema\/logo\/image\/","url":"https:\/\/bico.ch\/wp-content\/uploads\/2022\/11\/BICO_Logo_Black-e1667997604131.png","contentUrl":"https:\/\/bico.ch\/wp-content\/uploads\/2022\/11\/BICO_Logo_Black-e1667997604131.png","width":2481,"height":1754,"caption":"BICO"},"image":{"@id":"https:\/\/bico.ch\/fr\/#\/schema\/logo\/image\/"},"sameAs":["https:\/\/www.facebook.com\/bicoswitzerland","https:\/\/www.instagram.com\/bicoswitzerland\/","https:\/\/www.youtube.com\/channel\/UCnyVAqYqj5XdkWKWY5CFJ3A","https:\/\/www.linkedin.com\/showcase\/bicoswitzerland\/"]}]}},"_links":{"self":[{"href":"https:\/\/bico.ch\/fr\/wp-json\/wp\/v2\/pages\/57188","targetHints":{"allow":["GET"]}}],"collection":[{"href":"https:\/\/bico.ch\/fr\/wp-json\/wp\/v2\/pages"}],"about":[{"href":"https:\/\/bico.ch\/fr\/wp-json\/wp\/v2\/types\/page"}],"author":[{"embeddable":true,"href":"https:\/\/bico.ch\/fr\/wp-json\/wp\/v2\/users\/7"}],"replies":[{"embeddable":true,"href":"https:\/\/bico.ch\/fr\/wp-json\/wp\/v2\/comments?post=57188"}],"version-history":[{"count":15,"href":"https:\/\/bico.ch\/fr\/wp-json\/wp\/v2\/pages\/57188\/revisions"}],"predecessor-version":[{"id":906104,"href":"https:\/\/bico.ch\/fr\/wp-json\/wp\/v2\/pages\/57188\/revisions\/906104"}],"wp:attachment":[{"href":"https:\/\/bico.ch\/fr\/wp-json\/wp\/v2\/media?parent=57188"}],"curies":[{"name":"wp","href":"https:\/\/api.w.org\/{rel}","templated":true}]}}